 
{"id":10024,"date":"2025-11-03T12:29:30","date_gmt":"2025-11-03T12:29:30","guid":{"rendered":"https:\/\/esferareal.com\/?post_type=imovel&#038;p=10024"},"modified":"2025-11-03T12:29:33","modified_gmt":"2025-11-03T12:29:33","slug":"horizonte-360o-1363","status":"publish","type":"imovel","link":"https:\/\/esferareal.com\/en\/imovel\/horizonte-360o-1363\/","title":{"rendered":"Horizonte 360\u00ba &#8211; 1363"},"content":{"rendered":"<p>Excellent plot of land with 2,000 m\u00b2, completely flat and enjoying superb sun exposure, located in the charming village of Avelar. The site offers building permission for a detached two-storey family home (ground and first floor) and also includes an urban plot of 242 m\u00b2 with a single-storey structure currently in ruins \u2014 ideal for renovation or for developing a new residential project.<\/p>\n\n\n\n<p>The property boasts open 360\u00ba views and has access to all essential utilities: electricity, mains water, sewage network and fibre-optic internet. Its location is one of its main advantages \u2014 Avelar provides all the amenities you may need, including schools, local shops, public transport and a health centre connected to the Coimbra University Hospital network.<\/p>\n\n\n\n<p>With excellent road connections via the A13 (toll-free), the former IC3 and the IC8, you can easily reach the cities of Coimbra, Tomar and Pombal, all just about 20 minutes away.<\/p>\n\n\n\n<p>An excellent opportunity to build your family home in a peaceful setting, with all services nearby and a strategic location in the heart of Portugal!<\/p>\n\n\n\n<p>Request the location and book your visit today!<\/p>","protected":false},"author":6,"featured_media":9987,"template":"","meta":{"_acf_changed":false,"footnotes":""},"tipo":[15,16,12],"class_list":["post-10024","imovel","type-imovel","status-publish","has-post-thumbnail","hentry","tipo-casa-rustica","tipo-ruina","tipo-terreno"],"acf":[],"yoast_head":"<!-- This site is optimized with the Yoast SEO plugin v24.4 - https:\/\/yoast.com\/wordpress\/plugins\/seo\/ -->\n<title>Horizonte 360\u00ba - 1363 - Esfera Real<\/title>\n<meta name=\"robots\" content=\"index, follow, max-snippet:-1, max-image-preview:large, max-video-preview:-1\" \/>\n<link rel=\"canonical\" href=\"https:\/\/esferareal.com\/en\/imovel\/horizonte-360o-1363\/\" \/>\n<meta property=\"og:locale\" content=\"en_GB\" \/>\n<meta property=\"og:type\" content=\"article\" \/>\n<meta property=\"og:title\" content=\"Horizonte 360\u00ba - 1363 - Esfera Real\" \/>\n<meta property=\"og:description\" content=\"Excelente terreno com 2.000 m\u00b2, totalmente plano e com \u00f3tima exposi\u00e7\u00e3o solar, situado na encantadora Vila de Avelar. O lote oferece viabilidade de constru\u00e7\u00e3o para uma moradia unifamiliar de r\u00e9s do ch\u00e3o e primeiro andar, al\u00e9m de incluir um artigo urbano com 242 m\u00b2, composto por uma constru\u00e7\u00e3o t\u00e9rrea atualmente em ru\u00ednas \u2014 ideal para [&hellip;]\" \/>\n<meta property=\"og:url\" content=\"https:\/\/esferareal.com\/en\/imovel\/horizonte-360o-1363\/\" \/>\n<meta property=\"og:site_name\" content=\"Esfera Real\" \/>\n<meta property=\"article:publisher\" content=\"https:\/\/www.facebook.com\/people\/Esfera-Real\/100057693960084\/\" \/>\n<meta property=\"article:modified_time\" content=\"2025-11-03T12:29:33+00:00\" \/>\n<meta property=\"og:image\" content=\"https:\/\/esferareal.com\/wp-content\/uploads\/2025\/11\/1-1363-Medium.jpg\" \/>\n\t<meta property=\"og:image:width\" content=\"1024\" \/>\n\t<meta property=\"og:image:height\" content=\"768\" \/>\n\t<meta property=\"og:image:type\" content=\"image\/jpeg\" \/>\n<meta name=\"twitter:card\" content=\"summary_large_image\" \/>\n<meta name=\"twitter:label1\" content=\"Estimated reading time\" \/>\n\t<meta name=\"twitter:data1\" content=\"2 minutes\" \/>\n<script type=\"application\/ld+json\" class=\"yoast-schema-graph\">{\"@context\":\"https:\/\/schema.org\",\"@graph\":[{\"@type\":\"WebPage\",\"@id\":\"https:\/\/esferareal.com\/imovel\/horizonte-360o-1363\/\",\"url\":\"https:\/\/esferareal.com\/imovel\/horizonte-360o-1363\/\",\"name\":\"Horizonte 360\u00ba - 1363 - Esfera Real\",\"isPartOf\":{\"@id\":\"https:\/\/esferareal.com\/#website\"},\"primaryImageOfPage\":{\"@id\":\"https:\/\/esferareal.com\/imovel\/horizonte-360o-1363\/#primaryimage\"},\"image\":{\"@id\":\"https:\/\/esferareal.com\/imovel\/horizonte-360o-1363\/#primaryimage\"},\"thumbnailUrl\":\"https:\/\/esferareal.com\/wp-content\/uploads\/2025\/11\/1-1363-Medium.jpg\",\"datePublished\":\"2025-11-03T12:29:30+00:00\",\"dateModified\":\"2025-11-03T12:29:33+00:00\",\"breadcrumb\":{\"@id\":\"https:\/\/esferareal.com\/imovel\/horizonte-360o-1363\/#breadcrumb\"},\"inLanguage\":\"en-GB\",\"potentialAction\":[{\"@type\":\"ReadAction\",\"target\":[\"https:\/\/esferareal.com\/imovel\/horizonte-360o-1363\/\"]}]},{\"@type\":\"ImageObject\",\"inLanguage\":\"en-GB\",\"@id\":\"https:\/\/esferareal.com\/imovel\/horizonte-360o-1363\/#primaryimage\",\"url\":\"https:\/\/esferareal.com\/wp-content\/uploads\/2025\/11\/1-1363-Medium.jpg\",\"contentUrl\":\"https:\/\/esferareal.com\/wp-content\/uploads\/2025\/11\/1-1363-Medium.jpg\",\"width\":1024,\"height\":768},{\"@type\":\"BreadcrumbList\",\"@id\":\"https:\/\/esferareal.com\/imovel\/horizonte-360o-1363\/#breadcrumb\",\"itemListElement\":[{\"@type\":\"ListItem\",\"position\":1,\"name\":\"In\u00edcio\",\"item\":\"https:\/\/esferareal.com\/en\/\"},{\"@type\":\"ListItem\",\"position\":2,\"name\":\"Horizonte 360\u00ba &#8211; 1363\"}]},{\"@type\":\"WebSite\",\"@id\":\"https:\/\/esferareal.com\/#website\",\"url\":\"https:\/\/esferareal.com\/\",\"name\":\"Esfera Real\",\"description\":\"Media\u00e7\u00e3o Imobili\u00e1ria\",\"publisher\":{\"@id\":\"https:\/\/esferareal.com\/#organization\"},\"potentialAction\":[{\"@type\":\"SearchAction\",\"target\":{\"@type\":\"EntryPoint\",\"urlTemplate\":\"https:\/\/esferareal.com\/?s={search_term_string}\"},\"query-input\":{\"@type\":\"PropertyValueSpecification\",\"valueRequired\":true,\"valueName\":\"search_term_string\"}}],\"inLanguage\":\"en-GB\"},{\"@type\":\"Organization\",\"@id\":\"https:\/\/esferareal.com\/#organization\",\"name\":\"Esfera Real Media\u00e7\u00e3o Imobili\u00e1ria\",\"url\":\"https:\/\/esferareal.com\/\",\"logo\":{\"@type\":\"ImageObject\",\"inLanguage\":\"en-GB\",\"@id\":\"https:\/\/esferareal.com\/#\/schema\/logo\/image\/\",\"url\":\"https:\/\/esferareal.com\/wp-content\/uploads\/2024\/10\/logo-esferareal300.png\",\"contentUrl\":\"https:\/\/esferareal.com\/wp-content\/uploads\/2024\/10\/logo-esferareal300.png\",\"width\":300,\"height\":221,\"caption\":\"Esfera Real Media\u00e7\u00e3o Imobili\u00e1ria\"},\"image\":{\"@id\":\"https:\/\/esferareal.com\/#\/schema\/logo\/image\/\"},\"sameAs\":[\"https:\/\/www.facebook.com\/people\/Esfera-Real\/100057693960084\/\",\"https:\/\/www.instagram.com\/esferareal\/\",\"https:\/\/www.youtube.com\/channel\/UCYb-CPOTpF03PSyHBSoCfbA\"]}]}<\/script>\n<!-- \/ Yoast SEO plugin. -->","yoast_head_json":{"title":"Horizonte 360\u00ba - 1363 - Esfera Real","robots":{"index":"index","follow":"follow","max-snippet":"max-snippet:-1","max-image-preview":"max-image-preview:large","max-video-preview":"max-video-preview:-1"},"canonical":"https:\/\/esferareal.com\/en\/imovel\/horizonte-360o-1363\/","og_locale":"en_GB","og_type":"article","og_title":"Horizonte 360\u00ba - 1363 - Esfera Real","og_description":"Excelente terreno com 2.000 m\u00b2, totalmente plano e com \u00f3tima exposi\u00e7\u00e3o solar, situado na encantadora Vila de Avelar. O lote oferece viabilidade de constru\u00e7\u00e3o para uma moradia unifamiliar de r\u00e9s do ch\u00e3o e primeiro andar, al\u00e9m de incluir um artigo urbano com 242 m\u00b2, composto por uma constru\u00e7\u00e3o t\u00e9rrea atualmente em ru\u00ednas \u2014 ideal para [&hellip;]","og_url":"https:\/\/esferareal.com\/en\/imovel\/horizonte-360o-1363\/","og_site_name":"Esfera Real","article_publisher":"https:\/\/www.facebook.com\/people\/Esfera-Real\/100057693960084\/","article_modified_time":"2025-11-03T12:29:33+00:00","og_image":[{"width":1024,"height":768,"url":"https:\/\/esferareal.com\/wp-content\/uploads\/2025\/11\/1-1363-Medium.jpg","type":"image\/jpeg"}],"twitter_card":"summary_large_image","twitter_misc":{"Estimated reading time":"2 minutes"},"schema":{"@context":"https:\/\/schema.org","@graph":[{"@type":"WebPage","@id":"https:\/\/esferareal.com\/imovel\/horizonte-360o-1363\/","url":"https:\/\/esferareal.com\/imovel\/horizonte-360o-1363\/","name":"Horizonte 360\u00ba - 1363 - Esfera Real","isPartOf":{"@id":"https:\/\/esferareal.com\/#website"},"primaryImageOfPage":{"@id":"https:\/\/esferareal.com\/imovel\/horizonte-360o-1363\/#primaryimage"},"image":{"@id":"https:\/\/esferareal.com\/imovel\/horizonte-360o-1363\/#primaryimage"},"thumbnailUrl":"https:\/\/esferareal.com\/wp-content\/uploads\/2025\/11\/1-1363-Medium.jpg","datePublished":"2025-11-03T12:29:30+00:00","dateModified":"2025-11-03T12:29:33+00:00","breadcrumb":{"@id":"https:\/\/esferareal.com\/imovel\/horizonte-360o-1363\/#breadcrumb"},"inLanguage":"en-GB","potentialAction":[{"@type":"ReadAction","target":["https:\/\/esferareal.com\/imovel\/horizonte-360o-1363\/"]}]},{"@type":"ImageObject","inLanguage":"en-GB","@id":"https:\/\/esferareal.com\/imovel\/horizonte-360o-1363\/#primaryimage","url":"https:\/\/esferareal.com\/wp-content\/uploads\/2025\/11\/1-1363-Medium.jpg","contentUrl":"https:\/\/esferareal.com\/wp-content\/uploads\/2025\/11\/1-1363-Medium.jpg","width":1024,"height":768},{"@type":"BreadcrumbList","@id":"https:\/\/esferareal.com\/imovel\/horizonte-360o-1363\/#breadcrumb","itemListElement":[{"@type":"ListItem","position":1,"name":"In\u00edcio","item":"https:\/\/esferareal.com\/en\/"},{"@type":"ListItem","position":2,"name":"Horizonte 360\u00ba &#8211; 1363"}]},{"@type":"WebSite","@id":"https:\/\/esferareal.com\/#website","url":"https:\/\/esferareal.com\/","name":"Esfera Real","description":"Media\u00e7\u00e3o Imobili\u00e1ria","publisher":{"@id":"https:\/\/esferareal.com\/#organization"},"potentialAction":[{"@type":"SearchAction","target":{"@type":"EntryPoint","urlTemplate":"https:\/\/esferareal.com\/?s={search_term_string}"},"query-input":{"@type":"PropertyValueSpecification","valueRequired":true,"valueName":"search_term_string"}}],"inLanguage":"en-GB"},{"@type":"Organization","@id":"https:\/\/esferareal.com\/#organization","name":"Esfera Real Media\u00e7\u00e3o Imobili\u00e1ria","url":"https:\/\/esferareal.com\/","logo":{"@type":"ImageObject","inLanguage":"en-GB","@id":"https:\/\/esferareal.com\/#\/schema\/logo\/image\/","url":"https:\/\/esferareal.com\/wp-content\/uploads\/2024\/10\/logo-esferareal300.png","contentUrl":"https:\/\/esferareal.com\/wp-content\/uploads\/2024\/10\/logo-esferareal300.png","width":300,"height":221,"caption":"Esfera Real Media\u00e7\u00e3o Imobili\u00e1ria"},"image":{"@id":"https:\/\/esferareal.com\/#\/schema\/logo\/image\/"},"sameAs":["https:\/\/www.facebook.com\/people\/Esfera-Real\/100057693960084\/","https:\/\/www.instagram.com\/esferareal\/","https:\/\/www.youtube.com\/channel\/UCYb-CPOTpF03PSyHBSoCfbA"]}]}},"_links":{"self":[{"href":"https:\/\/esferareal.com\/en\/wp-json\/wp\/v2\/imovel\/10024","targetHints":{"allow":["GET"]}}],"collection":[{"href":"https:\/\/esferareal.com\/en\/wp-json\/wp\/v2\/imovel"}],"about":[{"href":"https:\/\/esferareal.com\/en\/wp-json\/wp\/v2\/types\/imovel"}],"author":[{"embeddable":true,"href":"https:\/\/esferareal.com\/en\/wp-json\/wp\/v2\/users\/6"}],"version-history":[{"count":1,"href":"https:\/\/esferareal.com\/en\/wp-json\/wp\/v2\/imovel\/10024\/revisions"}],"predecessor-version":[{"id":10025,"href":"https:\/\/esferareal.com\/en\/wp-json\/wp\/v2\/imovel\/10024\/revisions\/10025"}],"wp:featuredmedia":[{"embeddable":true,"href":"https:\/\/esferareal.com\/en\/wp-json\/wp\/v2\/media\/9987"}],"wp:attachment":[{"href":"https:\/\/esferareal.com\/en\/wp-json\/wp\/v2\/media?parent=10024"}],"wp:term":[{"taxonomy":"tipo","embeddable":true,"href":"https:\/\/esferareal.com\/en\/wp-json\/wp\/v2\/tipo?post=10024"}],"curies":[{"name":"wp","href":"https:\/\/api.w.org\/{rel}","templated":true}]}}