 
{"id":10388,"date":"2026-01-15T16:44:46","date_gmt":"2026-01-15T16:44:46","guid":{"rendered":"https:\/\/esferareal.com\/?post_type=imovel&#038;p=10388"},"modified":"2026-01-15T16:59:29","modified_gmt":"2026-01-15T16:59:29","slug":"casa-salaborda-1370","status":"publish","type":"imovel","link":"https:\/\/esferareal.com\/en\/imovel\/casa-salaborda-1370\/","title":{"rendered":"Casa Salaborda &#8211; 1370"},"content":{"rendered":"<p>Ground floor house with 75 m\u00b2 of gross construction area, set on a plot with a yard\/garden, annexes in ruins and parking area, making a total of 534 m\u00b2 of outdoor space. The annexes are in a state of ruin and have a gross construction area of 42 m\u00b2.<\/p>\n\n\n\n<p>The house is ready to move into and comprises an entrance hall, kitchen with direct access to the garden, two small bedrooms, dining room, living room and one bathroom.<\/p>\n\n\n\n<p>The ruined annexes allow for different future uses and may be converted into additional living space, storage areas, or an outdoor support area such as a covered terrace with barbecue and leisure space.<\/p>\n\n\n\n<p>The garden includes two lemon trees, one orange tree, olive trees and vines. The property has mains water and electricity still connected, as well as internet service available.<\/p>\n\n\n\n<p>This property is suitable for those looking for a ready-to-live-in house with outdoor space, annexes for future use and active utilities.<\/p>\n\n\n\n<p>Come check it out!<\/p>","protected":false},"author":6,"featured_media":10357,"template":"","meta":{"_acf_changed":false,"footnotes":""},"tipo":[15,13],"class_list":["post-10388","imovel","type-imovel","status-publish","has-post-thumbnail","hentry","tipo-casa-rustica","tipo-moradia"],"acf":[],"yoast_head":"<!-- This site is optimized with the Yoast SEO plugin v24.4 - https:\/\/yoast.com\/wordpress\/plugins\/seo\/ -->\n<title>Casa Salaborda - 1370 - Esfera Real<\/title>\n<meta name=\"robots\" content=\"index, follow, max-snippet:-1, max-image-preview:large, max-video-preview:-1\" \/>\n<link rel=\"canonical\" href=\"https:\/\/esferareal.com\/en\/imovel\/casa-salaborda-1370\/\" \/>\n<meta property=\"og:locale\" content=\"en_GB\" \/>\n<meta property=\"og:type\" content=\"article\" \/>\n<meta property=\"og:title\" content=\"Casa Salaborda - 1370 - Esfera Real\" \/>\n<meta property=\"og:description\" content=\"Casa de habita\u00e7\u00e3o com 75 m\u00b2 de \u00e1rea bruta de constru\u00e7\u00e3o, inserida em terreno com quintal\/jardim, anexos em ru\u00ednas e zona de estacionamento, totalizando 534 m\u00b2 de \u00e1rea exterior. Os anexos encontram-se em estado de ru\u00edna e apresentam uma \u00e1rea bruta de constru\u00e7\u00e3o de 42 m\u00b2. A casa est\u00e1 pronta a habitar e \u00e9 composta [&hellip;]\" \/>\n<meta property=\"og:url\" content=\"https:\/\/esferareal.com\/en\/imovel\/casa-salaborda-1370\/\" \/>\n<meta property=\"og:site_name\" content=\"Esfera Real\" \/>\n<meta property=\"article:publisher\" content=\"https:\/\/www.facebook.com\/people\/Esfera-Real\/100057693960084\/\" \/>\n<meta property=\"article:modified_time\" content=\"2026-01-15T16:59:29+00:00\" \/>\n<meta property=\"og:image\" content=\"https:\/\/esferareal.com\/wp-content\/uploads\/2026\/01\/1-1370-Medium.png\" \/>\n\t<meta property=\"og:image:width\" content=\"1024\" \/>\n\t<meta property=\"og:image:height\" content=\"768\" \/>\n\t<meta property=\"og:image:type\" content=\"image\/png\" \/>\n<meta name=\"twitter:card\" content=\"summary_large_image\" \/>\n<meta name=\"twitter:label1\" content=\"Estimated reading time\" \/>\n\t<meta name=\"twitter:data1\" content=\"2 minutes\" \/>\n<script type=\"application\/ld+json\" class=\"yoast-schema-graph\">{\"@context\":\"https:\/\/schema.org\",\"@graph\":[{\"@type\":\"WebPage\",\"@id\":\"https:\/\/esferareal.com\/imovel\/casa-salaborda-1370\/\",\"url\":\"https:\/\/esferareal.com\/imovel\/casa-salaborda-1370\/\",\"name\":\"Casa Salaborda - 1370 - Esfera Real\",\"isPartOf\":{\"@id\":\"https:\/\/esferareal.com\/#website\"},\"primaryImageOfPage\":{\"@id\":\"https:\/\/esferareal.com\/imovel\/casa-salaborda-1370\/#primaryimage\"},\"image\":{\"@id\":\"https:\/\/esferareal.com\/imovel\/casa-salaborda-1370\/#primaryimage\"},\"thumbnailUrl\":\"https:\/\/esferareal.com\/wp-content\/uploads\/2026\/01\/1-1370-Medium.png\",\"datePublished\":\"2026-01-15T16:44:46+00:00\",\"dateModified\":\"2026-01-15T16:59:29+00:00\",\"breadcrumb\":{\"@id\":\"https:\/\/esferareal.com\/imovel\/casa-salaborda-1370\/#breadcrumb\"},\"inLanguage\":\"en-GB\",\"potentialAction\":[{\"@type\":\"ReadAction\",\"target\":[\"https:\/\/esferareal.com\/imovel\/casa-salaborda-1370\/\"]}]},{\"@type\":\"ImageObject\",\"inLanguage\":\"en-GB\",\"@id\":\"https:\/\/esferareal.com\/imovel\/casa-salaborda-1370\/#primaryimage\",\"url\":\"https:\/\/esferareal.com\/wp-content\/uploads\/2026\/01\/1-1370-Medium.png\",\"contentUrl\":\"https:\/\/esferareal.com\/wp-content\/uploads\/2026\/01\/1-1370-Medium.png\",\"width\":1024,\"height\":768},{\"@type\":\"BreadcrumbList\",\"@id\":\"https:\/\/esferareal.com\/imovel\/casa-salaborda-1370\/#breadcrumb\",\"itemListElement\":[{\"@type\":\"ListItem\",\"position\":1,\"name\":\"In\u00edcio\",\"item\":\"https:\/\/esferareal.com\/en\/\"},{\"@type\":\"ListItem\",\"position\":2,\"name\":\"Casa Salaborda &#8211; 1370\"}]},{\"@type\":\"WebSite\",\"@id\":\"https:\/\/esferareal.com\/#website\",\"url\":\"https:\/\/esferareal.com\/\",\"name\":\"Esfera Real\",\"description\":\"Media\u00e7\u00e3o Imobili\u00e1ria\",\"publisher\":{\"@id\":\"https:\/\/esferareal.com\/#organization\"},\"potentialAction\":[{\"@type\":\"SearchAction\",\"target\":{\"@type\":\"EntryPoint\",\"urlTemplate\":\"https:\/\/esferareal.com\/?s={search_term_string}\"},\"query-input\":{\"@type\":\"PropertyValueSpecification\",\"valueRequired\":true,\"valueName\":\"search_term_string\"}}],\"inLanguage\":\"en-GB\"},{\"@type\":\"Organization\",\"@id\":\"https:\/\/esferareal.com\/#organization\",\"name\":\"Esfera Real Media\u00e7\u00e3o Imobili\u00e1ria\",\"url\":\"https:\/\/esferareal.com\/\",\"logo\":{\"@type\":\"ImageObject\",\"inLanguage\":\"en-GB\",\"@id\":\"https:\/\/esferareal.com\/#\/schema\/logo\/image\/\",\"url\":\"https:\/\/esferareal.com\/wp-content\/uploads\/2024\/10\/logo-esferareal300.png\",\"contentUrl\":\"https:\/\/esferareal.com\/wp-content\/uploads\/2024\/10\/logo-esferareal300.png\",\"width\":300,\"height\":221,\"caption\":\"Esfera Real Media\u00e7\u00e3o Imobili\u00e1ria\"},\"image\":{\"@id\":\"https:\/\/esferareal.com\/#\/schema\/logo\/image\/\"},\"sameAs\":[\"https:\/\/www.facebook.com\/people\/Esfera-Real\/100057693960084\/\",\"https:\/\/www.instagram.com\/esferareal\/\",\"https:\/\/www.youtube.com\/channel\/UCYb-CPOTpF03PSyHBSoCfbA\"]}]}<\/script>\n<!-- \/ Yoast SEO plugin. -->","yoast_head_json":{"title":"Casa Salaborda - 1370 - Esfera Real","robots":{"index":"index","follow":"follow","max-snippet":"max-snippet:-1","max-image-preview":"max-image-preview:large","max-video-preview":"max-video-preview:-1"},"canonical":"https:\/\/esferareal.com\/en\/imovel\/casa-salaborda-1370\/","og_locale":"en_GB","og_type":"article","og_title":"Casa Salaborda - 1370 - Esfera Real","og_description":"Casa de habita\u00e7\u00e3o com 75 m\u00b2 de \u00e1rea bruta de constru\u00e7\u00e3o, inserida em terreno com quintal\/jardim, anexos em ru\u00ednas e zona de estacionamento, totalizando 534 m\u00b2 de \u00e1rea exterior. Os anexos encontram-se em estado de ru\u00edna e apresentam uma \u00e1rea bruta de constru\u00e7\u00e3o de 42 m\u00b2. A casa est\u00e1 pronta a habitar e \u00e9 composta [&hellip;]","og_url":"https:\/\/esferareal.com\/en\/imovel\/casa-salaborda-1370\/","og_site_name":"Esfera Real","article_publisher":"https:\/\/www.facebook.com\/people\/Esfera-Real\/100057693960084\/","article_modified_time":"2026-01-15T16:59:29+00:00","og_image":[{"width":1024,"height":768,"url":"https:\/\/esferareal.com\/wp-content\/uploads\/2026\/01\/1-1370-Medium.png","type":"image\/png"}],"twitter_card":"summary_large_image","twitter_misc":{"Estimated reading time":"2 minutes"},"schema":{"@context":"https:\/\/schema.org","@graph":[{"@type":"WebPage","@id":"https:\/\/esferareal.com\/imovel\/casa-salaborda-1370\/","url":"https:\/\/esferareal.com\/imovel\/casa-salaborda-1370\/","name":"Casa Salaborda - 1370 - Esfera Real","isPartOf":{"@id":"https:\/\/esferareal.com\/#website"},"primaryImageOfPage":{"@id":"https:\/\/esferareal.com\/imovel\/casa-salaborda-1370\/#primaryimage"},"image":{"@id":"https:\/\/esferareal.com\/imovel\/casa-salaborda-1370\/#primaryimage"},"thumbnailUrl":"https:\/\/esferareal.com\/wp-content\/uploads\/2026\/01\/1-1370-Medium.png","datePublished":"2026-01-15T16:44:46+00:00","dateModified":"2026-01-15T16:59:29+00:00","breadcrumb":{"@id":"https:\/\/esferareal.com\/imovel\/casa-salaborda-1370\/#breadcrumb"},"inLanguage":"en-GB","potentialAction":[{"@type":"ReadAction","target":["https:\/\/esferareal.com\/imovel\/casa-salaborda-1370\/"]}]},{"@type":"ImageObject","inLanguage":"en-GB","@id":"https:\/\/esferareal.com\/imovel\/casa-salaborda-1370\/#primaryimage","url":"https:\/\/esferareal.com\/wp-content\/uploads\/2026\/01\/1-1370-Medium.png","contentUrl":"https:\/\/esferareal.com\/wp-content\/uploads\/2026\/01\/1-1370-Medium.png","width":1024,"height":768},{"@type":"BreadcrumbList","@id":"https:\/\/esferareal.com\/imovel\/casa-salaborda-1370\/#breadcrumb","itemListElement":[{"@type":"ListItem","position":1,"name":"In\u00edcio","item":"https:\/\/esferareal.com\/en\/"},{"@type":"ListItem","position":2,"name":"Casa Salaborda &#8211; 1370"}]},{"@type":"WebSite","@id":"https:\/\/esferareal.com\/#website","url":"https:\/\/esferareal.com\/","name":"Esfera Real","description":"Media\u00e7\u00e3o Imobili\u00e1ria","publisher":{"@id":"https:\/\/esferareal.com\/#organization"},"potentialAction":[{"@type":"SearchAction","target":{"@type":"EntryPoint","urlTemplate":"https:\/\/esferareal.com\/?s={search_term_string}"},"query-input":{"@type":"PropertyValueSpecification","valueRequired":true,"valueName":"search_term_string"}}],"inLanguage":"en-GB"},{"@type":"Organization","@id":"https:\/\/esferareal.com\/#organization","name":"Esfera Real Media\u00e7\u00e3o Imobili\u00e1ria","url":"https:\/\/esferareal.com\/","logo":{"@type":"ImageObject","inLanguage":"en-GB","@id":"https:\/\/esferareal.com\/#\/schema\/logo\/image\/","url":"https:\/\/esferareal.com\/wp-content\/uploads\/2024\/10\/logo-esferareal300.png","contentUrl":"https:\/\/esferareal.com\/wp-content\/uploads\/2024\/10\/logo-esferareal300.png","width":300,"height":221,"caption":"Esfera Real Media\u00e7\u00e3o Imobili\u00e1ria"},"image":{"@id":"https:\/\/esferareal.com\/#\/schema\/logo\/image\/"},"sameAs":["https:\/\/www.facebook.com\/people\/Esfera-Real\/100057693960084\/","https:\/\/www.instagram.com\/esferareal\/","https:\/\/www.youtube.com\/channel\/UCYb-CPOTpF03PSyHBSoCfbA"]}]}},"_links":{"self":[{"href":"https:\/\/esferareal.com\/en\/wp-json\/wp\/v2\/imovel\/10388","targetHints":{"allow":["GET"]}}],"collection":[{"href":"https:\/\/esferareal.com\/en\/wp-json\/wp\/v2\/imovel"}],"about":[{"href":"https:\/\/esferareal.com\/en\/wp-json\/wp\/v2\/types\/imovel"}],"author":[{"embeddable":true,"href":"https:\/\/esferareal.com\/en\/wp-json\/wp\/v2\/users\/6"}],"version-history":[{"count":2,"href":"https:\/\/esferareal.com\/en\/wp-json\/wp\/v2\/imovel\/10388\/revisions"}],"predecessor-version":[{"id":10390,"href":"https:\/\/esferareal.com\/en\/wp-json\/wp\/v2\/imovel\/10388\/revisions\/10390"}],"wp:featuredmedia":[{"embeddable":true,"href":"https:\/\/esferareal.com\/en\/wp-json\/wp\/v2\/media\/10357"}],"wp:attachment":[{"href":"https:\/\/esferareal.com\/en\/wp-json\/wp\/v2\/media?parent=10388"}],"wp:term":[{"taxonomy":"tipo","embeddable":true,"href":"https:\/\/esferareal.com\/en\/wp-json\/wp\/v2\/tipo?post=10388"}],"curies":[{"name":"wp","href":"https:\/\/api.w.org\/{rel}","templated":true}]}}