 
{"id":10539,"date":"2026-02-27T17:18:41","date_gmt":"2026-02-27T17:18:41","guid":{"rendered":"https:\/\/esferareal.com\/?post_type=imovel&#038;p=10539"},"modified":"2026-02-27T17:18:43","modified_gmt":"2026-02-27T17:18:43","slug":"casa-da-ladeira-1373","status":"publish","type":"imovel","link":"https:\/\/esferareal.com\/en\/imovel\/casa-da-ladeira-1373\/","title":{"rendered":"Casa da Ladeira &#8211; 1373"},"content":{"rendered":"<p>House located in a village in central Portugal, with modest living conditions, ideal for those seeking a home in a quiet area.<\/p>\n\n\n\n<p>The residential area comprises a kitchen, living room, 3 bedrooms, bathroom, storage area and access to the attic, providing additional storage space. At basement level, there are 3 rooms used for storage, currently serving as a wine cellar, and space for small animals.<\/p>\n\n\n\n<p>The house has a solid structure, with walls and roof in good condition.<br>Outside, there is a courtyard with a small planting area, suitable for a garden or small vegetable plot, where an orange tree is planted. The property benefits from good sun exposure, ensuring natural light throughout the day.<\/p>\n\n\n\n<p>Situated on a steep street but in a central location within the village, the house is close to one of the 3 local caf\u00e9s, as well as a mini-market and basic services, including a post office and cash machine. It is also worth noting its proximity to the Vilar da Amoreira river beach, a valuable feature for those who appreciate nature and outdoor leisure activities.<\/p>\n\n\n\n<p>On the opposite side of the street, relatively close to the house, there is an agricultural plot with a borehole, suitable for small-scale farming or, alternatively, for creating a parking area.<\/p>\n\n\n\n<p>Note: The property with reference 649 is adjacent and is also available for sale, allowing the possibility of acquiring additional land, garden area or even a second dwelling.<\/p>","protected":false},"author":3,"featured_media":10497,"template":"","meta":{"_acf_changed":false,"footnotes":""},"tipo":[15,13],"class_list":["post-10539","imovel","type-imovel","status-publish","has-post-thumbnail","hentry","tipo-casa-rustica","tipo-moradia"],"acf":[],"yoast_head":"<!-- This site is optimized with the Yoast SEO plugin v24.4 - https:\/\/yoast.com\/wordpress\/plugins\/seo\/ -->\n<title>Casa da Ladeira - 1373 - Esfera Real<\/title>\n<meta name=\"robots\" content=\"index, follow, max-snippet:-1, max-image-preview:large, max-video-preview:-1\" \/>\n<link rel=\"canonical\" href=\"https:\/\/esferareal.com\/en\/imovel\/casa-da-ladeira-1373\/\" \/>\n<meta property=\"og:locale\" content=\"en_GB\" \/>\n<meta property=\"og:type\" content=\"article\" \/>\n<meta property=\"og:title\" content=\"Casa da Ladeira - 1373 - Esfera Real\" \/>\n<meta property=\"og:description\" content=\"Moradia localizada numa aldeia do centro de Portugal, com condi\u00e7\u00f5es modestas de habitabilidade, ideal para quem procura uma casa numa zona tranquila. A zona habitacional possui cozinha, sala, 3 quartos, casa de banho, zona de arrumos e acesso ao s\u00f3t\u00e3o, oferecendo ainda espa\u00e7o adicional para arruma\u00e7\u00e3o. Ao n\u00edvel da cave, existem 3 divis\u00f5es destinadas a [&hellip;]\" \/>\n<meta property=\"og:url\" content=\"https:\/\/esferareal.com\/en\/imovel\/casa-da-ladeira-1373\/\" \/>\n<meta property=\"og:site_name\" content=\"Esfera Real\" \/>\n<meta property=\"article:publisher\" content=\"https:\/\/www.facebook.com\/people\/Esfera-Real\/100057693960084\/\" \/>\n<meta property=\"article:modified_time\" content=\"2026-02-27T17:18:43+00:00\" \/>\n<meta property=\"og:image\" content=\"https:\/\/esferareal.com\/wp-content\/uploads\/2026\/02\/1-1373-Medium.jpg\" \/>\n\t<meta property=\"og:image:width\" content=\"1024\" \/>\n\t<meta property=\"og:image:height\" content=\"768\" \/>\n\t<meta property=\"og:image:type\" content=\"image\/jpeg\" \/>\n<meta name=\"twitter:card\" content=\"summary_large_image\" \/>\n<meta name=\"twitter:label1\" content=\"Estimated reading time\" \/>\n\t<meta name=\"twitter:data1\" content=\"2 minutes\" \/>\n<script type=\"application\/ld+json\" class=\"yoast-schema-graph\">{\"@context\":\"https:\/\/schema.org\",\"@graph\":[{\"@type\":\"WebPage\",\"@id\":\"https:\/\/esferareal.com\/imovel\/casa-da-ladeira-1373\/\",\"url\":\"https:\/\/esferareal.com\/imovel\/casa-da-ladeira-1373\/\",\"name\":\"Casa da Ladeira - 1373 - Esfera Real\",\"isPartOf\":{\"@id\":\"https:\/\/esferareal.com\/#website\"},\"primaryImageOfPage\":{\"@id\":\"https:\/\/esferareal.com\/imovel\/casa-da-ladeira-1373\/#primaryimage\"},\"image\":{\"@id\":\"https:\/\/esferareal.com\/imovel\/casa-da-ladeira-1373\/#primaryimage\"},\"thumbnailUrl\":\"https:\/\/esferareal.com\/wp-content\/uploads\/2026\/02\/1-1373-Medium.jpg\",\"datePublished\":\"2026-02-27T17:18:41+00:00\",\"dateModified\":\"2026-02-27T17:18:43+00:00\",\"breadcrumb\":{\"@id\":\"https:\/\/esferareal.com\/imovel\/casa-da-ladeira-1373\/#breadcrumb\"},\"inLanguage\":\"en-GB\",\"potentialAction\":[{\"@type\":\"ReadAction\",\"target\":[\"https:\/\/esferareal.com\/imovel\/casa-da-ladeira-1373\/\"]}]},{\"@type\":\"ImageObject\",\"inLanguage\":\"en-GB\",\"@id\":\"https:\/\/esferareal.com\/imovel\/casa-da-ladeira-1373\/#primaryimage\",\"url\":\"https:\/\/esferareal.com\/wp-content\/uploads\/2026\/02\/1-1373-Medium.jpg\",\"contentUrl\":\"https:\/\/esferareal.com\/wp-content\/uploads\/2026\/02\/1-1373-Medium.jpg\",\"width\":1024,\"height\":768},{\"@type\":\"BreadcrumbList\",\"@id\":\"https:\/\/esferareal.com\/imovel\/casa-da-ladeira-1373\/#breadcrumb\",\"itemListElement\":[{\"@type\":\"ListItem\",\"position\":1,\"name\":\"In\u00edcio\",\"item\":\"https:\/\/esferareal.com\/en\/\"},{\"@type\":\"ListItem\",\"position\":2,\"name\":\"Casa da Ladeira &#8211; 1373\"}]},{\"@type\":\"WebSite\",\"@id\":\"https:\/\/esferareal.com\/#website\",\"url\":\"https:\/\/esferareal.com\/\",\"name\":\"Esfera Real\",\"description\":\"Media\u00e7\u00e3o Imobili\u00e1ria\",\"publisher\":{\"@id\":\"https:\/\/esferareal.com\/#organization\"},\"potentialAction\":[{\"@type\":\"SearchAction\",\"target\":{\"@type\":\"EntryPoint\",\"urlTemplate\":\"https:\/\/esferareal.com\/?s={search_term_string}\"},\"query-input\":{\"@type\":\"PropertyValueSpecification\",\"valueRequired\":true,\"valueName\":\"search_term_string\"}}],\"inLanguage\":\"en-GB\"},{\"@type\":\"Organization\",\"@id\":\"https:\/\/esferareal.com\/#organization\",\"name\":\"Esfera Real Media\u00e7\u00e3o Imobili\u00e1ria\",\"url\":\"https:\/\/esferareal.com\/\",\"logo\":{\"@type\":\"ImageObject\",\"inLanguage\":\"en-GB\",\"@id\":\"https:\/\/esferareal.com\/#\/schema\/logo\/image\/\",\"url\":\"https:\/\/esferareal.com\/wp-content\/uploads\/2024\/10\/logo-esferareal300.png\",\"contentUrl\":\"https:\/\/esferareal.com\/wp-content\/uploads\/2024\/10\/logo-esferareal300.png\",\"width\":300,\"height\":221,\"caption\":\"Esfera Real Media\u00e7\u00e3o Imobili\u00e1ria\"},\"image\":{\"@id\":\"https:\/\/esferareal.com\/#\/schema\/logo\/image\/\"},\"sameAs\":[\"https:\/\/www.facebook.com\/people\/Esfera-Real\/100057693960084\/\",\"https:\/\/www.instagram.com\/esferareal\/\",\"https:\/\/www.youtube.com\/channel\/UCYb-CPOTpF03PSyHBSoCfbA\"]}]}<\/script>\n<!-- \/ Yoast SEO plugin. -->","yoast_head_json":{"title":"Casa da Ladeira - 1373 - Esfera Real","robots":{"index":"index","follow":"follow","max-snippet":"max-snippet:-1","max-image-preview":"max-image-preview:large","max-video-preview":"max-video-preview:-1"},"canonical":"https:\/\/esferareal.com\/en\/imovel\/casa-da-ladeira-1373\/","og_locale":"en_GB","og_type":"article","og_title":"Casa da Ladeira - 1373 - Esfera Real","og_description":"Moradia localizada numa aldeia do centro de Portugal, com condi\u00e7\u00f5es modestas de habitabilidade, ideal para quem procura uma casa numa zona tranquila. A zona habitacional possui cozinha, sala, 3 quartos, casa de banho, zona de arrumos e acesso ao s\u00f3t\u00e3o, oferecendo ainda espa\u00e7o adicional para arruma\u00e7\u00e3o. Ao n\u00edvel da cave, existem 3 divis\u00f5es destinadas a [&hellip;]","og_url":"https:\/\/esferareal.com\/en\/imovel\/casa-da-ladeira-1373\/","og_site_name":"Esfera Real","article_publisher":"https:\/\/www.facebook.com\/people\/Esfera-Real\/100057693960084\/","article_modified_time":"2026-02-27T17:18:43+00:00","og_image":[{"width":1024,"height":768,"url":"https:\/\/esferareal.com\/wp-content\/uploads\/2026\/02\/1-1373-Medium.jpg","type":"image\/jpeg"}],"twitter_card":"summary_large_image","twitter_misc":{"Estimated reading time":"2 minutes"},"schema":{"@context":"https:\/\/schema.org","@graph":[{"@type":"WebPage","@id":"https:\/\/esferareal.com\/imovel\/casa-da-ladeira-1373\/","url":"https:\/\/esferareal.com\/imovel\/casa-da-ladeira-1373\/","name":"Casa da Ladeira - 1373 - Esfera Real","isPartOf":{"@id":"https:\/\/esferareal.com\/#website"},"primaryImageOfPage":{"@id":"https:\/\/esferareal.com\/imovel\/casa-da-ladeira-1373\/#primaryimage"},"image":{"@id":"https:\/\/esferareal.com\/imovel\/casa-da-ladeira-1373\/#primaryimage"},"thumbnailUrl":"https:\/\/esferareal.com\/wp-content\/uploads\/2026\/02\/1-1373-Medium.jpg","datePublished":"2026-02-27T17:18:41+00:00","dateModified":"2026-02-27T17:18:43+00:00","breadcrumb":{"@id":"https:\/\/esferareal.com\/imovel\/casa-da-ladeira-1373\/#breadcrumb"},"inLanguage":"en-GB","potentialAction":[{"@type":"ReadAction","target":["https:\/\/esferareal.com\/imovel\/casa-da-ladeira-1373\/"]}]},{"@type":"ImageObject","inLanguage":"en-GB","@id":"https:\/\/esferareal.com\/imovel\/casa-da-ladeira-1373\/#primaryimage","url":"https:\/\/esferareal.com\/wp-content\/uploads\/2026\/02\/1-1373-Medium.jpg","contentUrl":"https:\/\/esferareal.com\/wp-content\/uploads\/2026\/02\/1-1373-Medium.jpg","width":1024,"height":768},{"@type":"BreadcrumbList","@id":"https:\/\/esferareal.com\/imovel\/casa-da-ladeira-1373\/#breadcrumb","itemListElement":[{"@type":"ListItem","position":1,"name":"In\u00edcio","item":"https:\/\/esferareal.com\/en\/"},{"@type":"ListItem","position":2,"name":"Casa da Ladeira &#8211; 1373"}]},{"@type":"WebSite","@id":"https:\/\/esferareal.com\/#website","url":"https:\/\/esferareal.com\/","name":"Esfera Real","description":"Media\u00e7\u00e3o Imobili\u00e1ria","publisher":{"@id":"https:\/\/esferareal.com\/#organization"},"potentialAction":[{"@type":"SearchAction","target":{"@type":"EntryPoint","urlTemplate":"https:\/\/esferareal.com\/?s={search_term_string}"},"query-input":{"@type":"PropertyValueSpecification","valueRequired":true,"valueName":"search_term_string"}}],"inLanguage":"en-GB"},{"@type":"Organization","@id":"https:\/\/esferareal.com\/#organization","name":"Esfera Real Media\u00e7\u00e3o Imobili\u00e1ria","url":"https:\/\/esferareal.com\/","logo":{"@type":"ImageObject","inLanguage":"en-GB","@id":"https:\/\/esferareal.com\/#\/schema\/logo\/image\/","url":"https:\/\/esferareal.com\/wp-content\/uploads\/2024\/10\/logo-esferareal300.png","contentUrl":"https:\/\/esferareal.com\/wp-content\/uploads\/2024\/10\/logo-esferareal300.png","width":300,"height":221,"caption":"Esfera Real Media\u00e7\u00e3o Imobili\u00e1ria"},"image":{"@id":"https:\/\/esferareal.com\/#\/schema\/logo\/image\/"},"sameAs":["https:\/\/www.facebook.com\/people\/Esfera-Real\/100057693960084\/","https:\/\/www.instagram.com\/esferareal\/","https:\/\/www.youtube.com\/channel\/UCYb-CPOTpF03PSyHBSoCfbA"]}]}},"_links":{"self":[{"href":"https:\/\/esferareal.com\/en\/wp-json\/wp\/v2\/imovel\/10539","targetHints":{"allow":["GET"]}}],"collection":[{"href":"https:\/\/esferareal.com\/en\/wp-json\/wp\/v2\/imovel"}],"about":[{"href":"https:\/\/esferareal.com\/en\/wp-json\/wp\/v2\/types\/imovel"}],"author":[{"embeddable":true,"href":"https:\/\/esferareal.com\/en\/wp-json\/wp\/v2\/users\/3"}],"version-history":[{"count":1,"href":"https:\/\/esferareal.com\/en\/wp-json\/wp\/v2\/imovel\/10539\/revisions"}],"predecessor-version":[{"id":10540,"href":"https:\/\/esferareal.com\/en\/wp-json\/wp\/v2\/imovel\/10539\/revisions\/10540"}],"wp:featuredmedia":[{"embeddable":true,"href":"https:\/\/esferareal.com\/en\/wp-json\/wp\/v2\/media\/10497"}],"wp:attachment":[{"href":"https:\/\/esferareal.com\/en\/wp-json\/wp\/v2\/media?parent=10539"}],"wp:term":[{"taxonomy":"tipo","embeddable":true,"href":"https:\/\/esferareal.com\/en\/wp-json\/wp\/v2\/tipo?post=10539"}],"curies":[{"name":"wp","href":"https:\/\/api.w.org\/{rel}","templated":true}]}}