 
{"id":10877,"date":"2026-04-02T11:31:18","date_gmt":"2026-04-02T11:31:18","guid":{"rendered":"https:\/\/esferareal.com\/?post_type=imovel&#038;p=10877"},"modified":"2026-04-02T11:31:23","modified_gmt":"2026-04-02T11:31:23","slug":"alqueve-1383","status":"publish","type":"imovel","link":"https:\/\/esferareal.com\/en\/imovel\/alqueve-1383\/","title":{"rendered":"Alqueve &#8211; 1383"},"content":{"rendered":"<p>Plot of land with a ruin for reconstruction, located just 200 metres from the Mosteiro river beach, in the heart of central Portugal, in an area where nature and tranquillity provide a unique setting.<\/p>\n\n\n\n<p>The property includes an urban area with 228 m\u00b2 of ruins, allowing for reconstruction and extension up to 400 m\u00b2, offering excellent potential for a residential development project. It also comprises a rustic (agricultural) parcel, which may be used for farming purposes; however, as it is located within the village\u2019s urban perimeter, there is the possibility of obtaining approval for new construction in this area, namely support structures such as a garage, barbecue area, swimming pool, or other complementary solutions.<\/p>\n\n\n\n<p>The land is completely flat and enclosed, with existing olive trees and a shared water well, providing favourable conditions for agricultural use, leisure or the development of a residential project. It benefits from excellent sun exposure and good access, ensuring usability throughout the year.<\/p>\n\n\n\n<p>The property also has essential infrastructure nearby, including electricity, mains water and mobile network coverage, allowing for straightforward connection to future projects.<\/p>\n\n\n\n<p>Located close to the town of Pedr\u00f3g\u00e3o Grande and the Cabril reservoir, one of the main touristic highlights of inland Portugal, this property combines development potential, a prime location and a natural setting!<\/p>\n\n\n\n<p>Visit and discover the potential of this property!<\/p>","protected":false},"author":3,"featured_media":10859,"template":"","meta":{"_acf_changed":false,"footnotes":""},"tipo":[4,16,12],"class_list":["post-10877","imovel","type-imovel","status-publish","has-post-thumbnail","hentry","tipo-casa-de-pedra","tipo-ruina","tipo-terreno"],"acf":[],"yoast_head":"<!-- This site is optimized with the Yoast SEO plugin v24.4 - https:\/\/yoast.com\/wordpress\/plugins\/seo\/ -->\n<title>Alqueve - 1383 - Esfera Real<\/title>\n<meta name=\"robots\" content=\"index, follow, max-snippet:-1, max-image-preview:large, max-video-preview:-1\" \/>\n<link rel=\"canonical\" href=\"https:\/\/esferareal.com\/en\/imovel\/alqueve-1383\/\" \/>\n<meta property=\"og:locale\" content=\"en_GB\" \/>\n<meta property=\"og:type\" content=\"article\" \/>\n<meta property=\"og:title\" content=\"Alqueve - 1383 - Esfera Real\" \/>\n<meta property=\"og:description\" content=\"Terreno com ru\u00edna para reconstru\u00e7\u00e3o, localizado a apenas 200 metros da praia fluvial do Mosteiro, em pleno centro de Portugal, numa zona onde a natureza e a tranquilidade proporcionam um enquadramento \u00fanico. A propriedade integra uma \u00e1rea urbana com 228 m\u00b2 de ru\u00edna, permitindo reconstru\u00e7\u00e3o e amplia\u00e7\u00e3o at\u00e9 400 m\u00b2, oferecendo um excelente potencial para [&hellip;]\" \/>\n<meta property=\"og:url\" content=\"https:\/\/esferareal.com\/en\/imovel\/alqueve-1383\/\" \/>\n<meta property=\"og:site_name\" content=\"Esfera Real\" \/>\n<meta property=\"article:publisher\" content=\"https:\/\/www.facebook.com\/people\/Esfera-Real\/100057693960084\/\" \/>\n<meta property=\"article:modified_time\" content=\"2026-04-02T11:31:23+00:00\" \/>\n<meta property=\"og:image\" content=\"https:\/\/esferareal.com\/wp-content\/uploads\/2026\/04\/1-1383-Large.jpg\" \/>\n\t<meta property=\"og:image:width\" content=\"1440\" \/>\n\t<meta property=\"og:image:height\" content=\"1080\" \/>\n\t<meta property=\"og:image:type\" content=\"image\/jpeg\" \/>\n<meta name=\"twitter:card\" content=\"summary_large_image\" \/>\n<meta name=\"twitter:label1\" content=\"Estimated reading time\" \/>\n\t<meta name=\"twitter:data1\" content=\"2 minutes\" \/>\n<script type=\"application\/ld+json\" class=\"yoast-schema-graph\">{\"@context\":\"https:\/\/schema.org\",\"@graph\":[{\"@type\":\"WebPage\",\"@id\":\"https:\/\/esferareal.com\/imovel\/alqueve-1383\/\",\"url\":\"https:\/\/esferareal.com\/imovel\/alqueve-1383\/\",\"name\":\"Alqueve - 1383 - Esfera Real\",\"isPartOf\":{\"@id\":\"https:\/\/esferareal.com\/#website\"},\"primaryImageOfPage\":{\"@id\":\"https:\/\/esferareal.com\/imovel\/alqueve-1383\/#primaryimage\"},\"image\":{\"@id\":\"https:\/\/esferareal.com\/imovel\/alqueve-1383\/#primaryimage\"},\"thumbnailUrl\":\"https:\/\/esferareal.com\/wp-content\/uploads\/2026\/04\/1-1383-Large.jpg\",\"datePublished\":\"2026-04-02T11:31:18+00:00\",\"dateModified\":\"2026-04-02T11:31:23+00:00\",\"breadcrumb\":{\"@id\":\"https:\/\/esferareal.com\/imovel\/alqueve-1383\/#breadcrumb\"},\"inLanguage\":\"en-GB\",\"potentialAction\":[{\"@type\":\"ReadAction\",\"target\":[\"https:\/\/esferareal.com\/imovel\/alqueve-1383\/\"]}]},{\"@type\":\"ImageObject\",\"inLanguage\":\"en-GB\",\"@id\":\"https:\/\/esferareal.com\/imovel\/alqueve-1383\/#primaryimage\",\"url\":\"https:\/\/esferareal.com\/wp-content\/uploads\/2026\/04\/1-1383-Large.jpg\",\"contentUrl\":\"https:\/\/esferareal.com\/wp-content\/uploads\/2026\/04\/1-1383-Large.jpg\",\"width\":1440,\"height\":1080},{\"@type\":\"BreadcrumbList\",\"@id\":\"https:\/\/esferareal.com\/imovel\/alqueve-1383\/#breadcrumb\",\"itemListElement\":[{\"@type\":\"ListItem\",\"position\":1,\"name\":\"In\u00edcio\",\"item\":\"https:\/\/esferareal.com\/en\/\"},{\"@type\":\"ListItem\",\"position\":2,\"name\":\"Alqueve &#8211; 1383\"}]},{\"@type\":\"WebSite\",\"@id\":\"https:\/\/esferareal.com\/#website\",\"url\":\"https:\/\/esferareal.com\/\",\"name\":\"Esfera Real\",\"description\":\"Media\u00e7\u00e3o Imobili\u00e1ria\",\"publisher\":{\"@id\":\"https:\/\/esferareal.com\/#organization\"},\"potentialAction\":[{\"@type\":\"SearchAction\",\"target\":{\"@type\":\"EntryPoint\",\"urlTemplate\":\"https:\/\/esferareal.com\/?s={search_term_string}\"},\"query-input\":{\"@type\":\"PropertyValueSpecification\",\"valueRequired\":true,\"valueName\":\"search_term_string\"}}],\"inLanguage\":\"en-GB\"},{\"@type\":\"Organization\",\"@id\":\"https:\/\/esferareal.com\/#organization\",\"name\":\"Esfera Real Media\u00e7\u00e3o Imobili\u00e1ria\",\"url\":\"https:\/\/esferareal.com\/\",\"logo\":{\"@type\":\"ImageObject\",\"inLanguage\":\"en-GB\",\"@id\":\"https:\/\/esferareal.com\/#\/schema\/logo\/image\/\",\"url\":\"https:\/\/esferareal.com\/wp-content\/uploads\/2024\/10\/logo-esferareal300.png\",\"contentUrl\":\"https:\/\/esferareal.com\/wp-content\/uploads\/2024\/10\/logo-esferareal300.png\",\"width\":300,\"height\":221,\"caption\":\"Esfera Real Media\u00e7\u00e3o Imobili\u00e1ria\"},\"image\":{\"@id\":\"https:\/\/esferareal.com\/#\/schema\/logo\/image\/\"},\"sameAs\":[\"https:\/\/www.facebook.com\/people\/Esfera-Real\/100057693960084\/\",\"https:\/\/www.instagram.com\/esferareal\/\",\"https:\/\/www.youtube.com\/channel\/UCYb-CPOTpF03PSyHBSoCfbA\"]}]}<\/script>\n<!-- \/ Yoast SEO plugin. -->","yoast_head_json":{"title":"Alqueve - 1383 - Esfera Real","robots":{"index":"index","follow":"follow","max-snippet":"max-snippet:-1","max-image-preview":"max-image-preview:large","max-video-preview":"max-video-preview:-1"},"canonical":"https:\/\/esferareal.com\/en\/imovel\/alqueve-1383\/","og_locale":"en_GB","og_type":"article","og_title":"Alqueve - 1383 - Esfera Real","og_description":"Terreno com ru\u00edna para reconstru\u00e7\u00e3o, localizado a apenas 200 metros da praia fluvial do Mosteiro, em pleno centro de Portugal, numa zona onde a natureza e a tranquilidade proporcionam um enquadramento \u00fanico. A propriedade integra uma \u00e1rea urbana com 228 m\u00b2 de ru\u00edna, permitindo reconstru\u00e7\u00e3o e amplia\u00e7\u00e3o at\u00e9 400 m\u00b2, oferecendo um excelente potencial para [&hellip;]","og_url":"https:\/\/esferareal.com\/en\/imovel\/alqueve-1383\/","og_site_name":"Esfera Real","article_publisher":"https:\/\/www.facebook.com\/people\/Esfera-Real\/100057693960084\/","article_modified_time":"2026-04-02T11:31:23+00:00","og_image":[{"width":1440,"height":1080,"url":"https:\/\/esferareal.com\/wp-content\/uploads\/2026\/04\/1-1383-Large.jpg","type":"image\/jpeg"}],"twitter_card":"summary_large_image","twitter_misc":{"Estimated reading time":"2 minutes"},"schema":{"@context":"https:\/\/schema.org","@graph":[{"@type":"WebPage","@id":"https:\/\/esferareal.com\/imovel\/alqueve-1383\/","url":"https:\/\/esferareal.com\/imovel\/alqueve-1383\/","name":"Alqueve - 1383 - Esfera Real","isPartOf":{"@id":"https:\/\/esferareal.com\/#website"},"primaryImageOfPage":{"@id":"https:\/\/esferareal.com\/imovel\/alqueve-1383\/#primaryimage"},"image":{"@id":"https:\/\/esferareal.com\/imovel\/alqueve-1383\/#primaryimage"},"thumbnailUrl":"https:\/\/esferareal.com\/wp-content\/uploads\/2026\/04\/1-1383-Large.jpg","datePublished":"2026-04-02T11:31:18+00:00","dateModified":"2026-04-02T11:31:23+00:00","breadcrumb":{"@id":"https:\/\/esferareal.com\/imovel\/alqueve-1383\/#breadcrumb"},"inLanguage":"en-GB","potentialAction":[{"@type":"ReadAction","target":["https:\/\/esferareal.com\/imovel\/alqueve-1383\/"]}]},{"@type":"ImageObject","inLanguage":"en-GB","@id":"https:\/\/esferareal.com\/imovel\/alqueve-1383\/#primaryimage","url":"https:\/\/esferareal.com\/wp-content\/uploads\/2026\/04\/1-1383-Large.jpg","contentUrl":"https:\/\/esferareal.com\/wp-content\/uploads\/2026\/04\/1-1383-Large.jpg","width":1440,"height":1080},{"@type":"BreadcrumbList","@id":"https:\/\/esferareal.com\/imovel\/alqueve-1383\/#breadcrumb","itemListElement":[{"@type":"ListItem","position":1,"name":"In\u00edcio","item":"https:\/\/esferareal.com\/en\/"},{"@type":"ListItem","position":2,"name":"Alqueve &#8211; 1383"}]},{"@type":"WebSite","@id":"https:\/\/esferareal.com\/#website","url":"https:\/\/esferareal.com\/","name":"Esfera Real","description":"Media\u00e7\u00e3o Imobili\u00e1ria","publisher":{"@id":"https:\/\/esferareal.com\/#organization"},"potentialAction":[{"@type":"SearchAction","target":{"@type":"EntryPoint","urlTemplate":"https:\/\/esferareal.com\/?s={search_term_string}"},"query-input":{"@type":"PropertyValueSpecification","valueRequired":true,"valueName":"search_term_string"}}],"inLanguage":"en-GB"},{"@type":"Organization","@id":"https:\/\/esferareal.com\/#organization","name":"Esfera Real Media\u00e7\u00e3o Imobili\u00e1ria","url":"https:\/\/esferareal.com\/","logo":{"@type":"ImageObject","inLanguage":"en-GB","@id":"https:\/\/esferareal.com\/#\/schema\/logo\/image\/","url":"https:\/\/esferareal.com\/wp-content\/uploads\/2024\/10\/logo-esferareal300.png","contentUrl":"https:\/\/esferareal.com\/wp-content\/uploads\/2024\/10\/logo-esferareal300.png","width":300,"height":221,"caption":"Esfera Real Media\u00e7\u00e3o Imobili\u00e1ria"},"image":{"@id":"https:\/\/esferareal.com\/#\/schema\/logo\/image\/"},"sameAs":["https:\/\/www.facebook.com\/people\/Esfera-Real\/100057693960084\/","https:\/\/www.instagram.com\/esferareal\/","https:\/\/www.youtube.com\/channel\/UCYb-CPOTpF03PSyHBSoCfbA"]}]}},"_links":{"self":[{"href":"https:\/\/esferareal.com\/en\/wp-json\/wp\/v2\/imovel\/10877","targetHints":{"allow":["GET"]}}],"collection":[{"href":"https:\/\/esferareal.com\/en\/wp-json\/wp\/v2\/imovel"}],"about":[{"href":"https:\/\/esferareal.com\/en\/wp-json\/wp\/v2\/types\/imovel"}],"author":[{"embeddable":true,"href":"https:\/\/esferareal.com\/en\/wp-json\/wp\/v2\/users\/3"}],"version-history":[{"count":1,"href":"https:\/\/esferareal.com\/en\/wp-json\/wp\/v2\/imovel\/10877\/revisions"}],"predecessor-version":[{"id":10878,"href":"https:\/\/esferareal.com\/en\/wp-json\/wp\/v2\/imovel\/10877\/revisions\/10878"}],"wp:featuredmedia":[{"embeddable":true,"href":"https:\/\/esferareal.com\/en\/wp-json\/wp\/v2\/media\/10859"}],"wp:attachment":[{"href":"https:\/\/esferareal.com\/en\/wp-json\/wp\/v2\/media?parent=10877"}],"wp:term":[{"taxonomy":"tipo","embeddable":true,"href":"https:\/\/esferareal.com\/en\/wp-json\/wp\/v2\/tipo?post=10877"}],"curies":[{"name":"wp","href":"https:\/\/api.w.org\/{rel}","templated":true}]}}