 
{"id":1255,"date":"2024-12-04T16:39:31","date_gmt":"2024-12-04T16:39:31","guid":{"rendered":"https:\/\/esferareal.com\/?post_type=imovel&#038;p=1255"},"modified":"2025-02-12T09:33:10","modified_gmt":"2025-02-12T09:33:10","slug":"armazem-e-ruina-757","status":"publish","type":"imovel","link":"https:\/\/esferareal.com\/en\/imovel\/armazem-e-ruina-757\/","title":{"rendered":"Armaz\u00e9m e Ru\u00edna &#8211; 757"},"content":{"rendered":"<p>Industrial warehouse with a ruin and a plot of land.<\/p>\n\n\n\n<p>It\u00b4s composed by two big and ample spaces and a good height, in a total area of 270 square meters.<\/p>\n\n\n\n<p>On the side of the warehouse we find the old ruin of the offices house, in a total of 385 square meters of construction area.<\/p>\n\n\n\n<p>In the back there\u00b4s the cultivation plot with 862 square meters and an optimal solar exposition.<\/p>\n\n\n\n<p>Very good accesses and very close to the IC2 and IC8.<\/p>\n\n\n\n<p>As a last bonus, the neighbouring property is also for sale, announced under the reference 675; therefore a whole sale would be ideal in case you need more construction area or a big plot.<\/p>\n\n\n\n<p>In conclusion, this is an excellent space for a big project! Take this chance to expand your dreams!<\/p>\n\n\n\n<p><\/p>","protected":false},"author":3,"featured_media":1240,"template":"","meta":{"_acf_changed":false,"footnotes":""},"tipo":[18],"class_list":["post-1255","imovel","type-imovel","status-publish","has-post-thumbnail","hentry","tipo-espacos-comerciais"],"acf":[],"yoast_head":"<!-- This site is optimized with the Yoast SEO plugin v24.4 - https:\/\/yoast.com\/wordpress\/plugins\/seo\/ -->\n<title>Armaz\u00e9m e Ru\u00edna - 757 - Esfera Real<\/title>\n<meta name=\"robots\" content=\"index, follow, max-snippet:-1, max-image-preview:large, max-video-preview:-1\" \/>\n<link rel=\"canonical\" href=\"https:\/\/esferareal.com\/en\/imovel\/armazem-e-ruina-757\/\" \/>\n<meta property=\"og:locale\" content=\"en_GB\" \/>\n<meta property=\"og:type\" content=\"article\" \/>\n<meta property=\"og:title\" content=\"Armaz\u00e9m e Ru\u00edna - 757 - Esfera Real\" \/>\n<meta property=\"og:description\" content=\"Armaz\u00e9m industrial com ru\u00edna e um terreno. \u00c9 composto por dois grandes espa\u00e7os amplos e com um bom p\u00e9 direito, numa \u00e1rea total de 270 m2. Na lateral do armaz\u00e9m encontramos a ru\u00edna da antiga casa de escrit\u00f3rios, num total de 385 m2 de \u00e1rea de constru\u00e7\u00e3o. Nas traseiras temos um terreno de cultivo com [&hellip;]\" \/>\n<meta property=\"og:url\" content=\"https:\/\/esferareal.com\/en\/imovel\/armazem-e-ruina-757\/\" \/>\n<meta property=\"og:site_name\" content=\"Esfera Real\" \/>\n<meta property=\"article:publisher\" content=\"https:\/\/www.facebook.com\/people\/Esfera-Real\/100057693960084\/\" \/>\n<meta property=\"article:modified_time\" content=\"2025-02-12T09:33:10+00:00\" \/>\n<meta property=\"og:image\" content=\"https:\/\/esferareal.com\/wp-content\/uploads\/2024\/12\/1-757-Custom.jpg\" \/>\n\t<meta property=\"og:image:width\" content=\"667\" \/>\n\t<meta property=\"og:image:height\" content=\"500\" \/>\n\t<meta property=\"og:image:type\" content=\"image\/jpeg\" \/>\n<meta name=\"twitter:card\" content=\"summary_large_image\" \/>\n<meta name=\"twitter:label1\" content=\"Estimated reading time\" \/>\n\t<meta name=\"twitter:data1\" content=\"1 minute\" \/>\n<script type=\"application\/ld+json\" class=\"yoast-schema-graph\">{\"@context\":\"https:\/\/schema.org\",\"@graph\":[{\"@type\":\"WebPage\",\"@id\":\"https:\/\/esferareal.com\/imovel\/armazem-e-ruina-757\/\",\"url\":\"https:\/\/esferareal.com\/imovel\/armazem-e-ruina-757\/\",\"name\":\"Armaz\u00e9m e Ru\u00edna - 757 - Esfera Real\",\"isPartOf\":{\"@id\":\"https:\/\/esferareal.com\/#website\"},\"primaryImageOfPage\":{\"@id\":\"https:\/\/esferareal.com\/imovel\/armazem-e-ruina-757\/#primaryimage\"},\"image\":{\"@id\":\"https:\/\/esferareal.com\/imovel\/armazem-e-ruina-757\/#primaryimage\"},\"thumbnailUrl\":\"https:\/\/esferareal.com\/wp-content\/uploads\/2024\/12\/1-757-Custom.jpg\",\"datePublished\":\"2024-12-04T16:39:31+00:00\",\"dateModified\":\"2025-02-12T09:33:10+00:00\",\"breadcrumb\":{\"@id\":\"https:\/\/esferareal.com\/imovel\/armazem-e-ruina-757\/#breadcrumb\"},\"inLanguage\":\"en-GB\",\"potentialAction\":[{\"@type\":\"ReadAction\",\"target\":[\"https:\/\/esferareal.com\/imovel\/armazem-e-ruina-757\/\"]}]},{\"@type\":\"ImageObject\",\"inLanguage\":\"en-GB\",\"@id\":\"https:\/\/esferareal.com\/imovel\/armazem-e-ruina-757\/#primaryimage\",\"url\":\"https:\/\/esferareal.com\/wp-content\/uploads\/2024\/12\/1-757-Custom.jpg\",\"contentUrl\":\"https:\/\/esferareal.com\/wp-content\/uploads\/2024\/12\/1-757-Custom.jpg\",\"width\":667,\"height\":500},{\"@type\":\"BreadcrumbList\",\"@id\":\"https:\/\/esferareal.com\/imovel\/armazem-e-ruina-757\/#breadcrumb\",\"itemListElement\":[{\"@type\":\"ListItem\",\"position\":1,\"name\":\"In\u00edcio\",\"item\":\"https:\/\/esferareal.com\/en\/\"},{\"@type\":\"ListItem\",\"position\":2,\"name\":\"Armaz\u00e9m e Ru\u00edna &#8211; 757\"}]},{\"@type\":\"WebSite\",\"@id\":\"https:\/\/esferareal.com\/#website\",\"url\":\"https:\/\/esferareal.com\/\",\"name\":\"Esfera Real\",\"description\":\"Media\u00e7\u00e3o Imobili\u00e1ria\",\"publisher\":{\"@id\":\"https:\/\/esferareal.com\/#organization\"},\"potentialAction\":[{\"@type\":\"SearchAction\",\"target\":{\"@type\":\"EntryPoint\",\"urlTemplate\":\"https:\/\/esferareal.com\/?s={search_term_string}\"},\"query-input\":{\"@type\":\"PropertyValueSpecification\",\"valueRequired\":true,\"valueName\":\"search_term_string\"}}],\"inLanguage\":\"en-GB\"},{\"@type\":\"Organization\",\"@id\":\"https:\/\/esferareal.com\/#organization\",\"name\":\"Esfera Real Media\u00e7\u00e3o Imobili\u00e1ria\",\"url\":\"https:\/\/esferareal.com\/\",\"logo\":{\"@type\":\"ImageObject\",\"inLanguage\":\"en-GB\",\"@id\":\"https:\/\/esferareal.com\/#\/schema\/logo\/image\/\",\"url\":\"https:\/\/esferareal.com\/wp-content\/uploads\/2024\/10\/logo-esferareal300.png\",\"contentUrl\":\"https:\/\/esferareal.com\/wp-content\/uploads\/2024\/10\/logo-esferareal300.png\",\"width\":300,\"height\":221,\"caption\":\"Esfera Real Media\u00e7\u00e3o Imobili\u00e1ria\"},\"image\":{\"@id\":\"https:\/\/esferareal.com\/#\/schema\/logo\/image\/\"},\"sameAs\":[\"https:\/\/www.facebook.com\/people\/Esfera-Real\/100057693960084\/\",\"https:\/\/www.instagram.com\/esferareal\/\",\"https:\/\/www.youtube.com\/channel\/UCYb-CPOTpF03PSyHBSoCfbA\"]}]}<\/script>\n<!-- \/ Yoast SEO plugin. -->","yoast_head_json":{"title":"Armaz\u00e9m e Ru\u00edna - 757 - Esfera Real","robots":{"index":"index","follow":"follow","max-snippet":"max-snippet:-1","max-image-preview":"max-image-preview:large","max-video-preview":"max-video-preview:-1"},"canonical":"https:\/\/esferareal.com\/en\/imovel\/armazem-e-ruina-757\/","og_locale":"en_GB","og_type":"article","og_title":"Armaz\u00e9m e Ru\u00edna - 757 - Esfera Real","og_description":"Armaz\u00e9m industrial com ru\u00edna e um terreno. \u00c9 composto por dois grandes espa\u00e7os amplos e com um bom p\u00e9 direito, numa \u00e1rea total de 270 m2. Na lateral do armaz\u00e9m encontramos a ru\u00edna da antiga casa de escrit\u00f3rios, num total de 385 m2 de \u00e1rea de constru\u00e7\u00e3o. Nas traseiras temos um terreno de cultivo com [&hellip;]","og_url":"https:\/\/esferareal.com\/en\/imovel\/armazem-e-ruina-757\/","og_site_name":"Esfera Real","article_publisher":"https:\/\/www.facebook.com\/people\/Esfera-Real\/100057693960084\/","article_modified_time":"2025-02-12T09:33:10+00:00","og_image":[{"width":667,"height":500,"url":"https:\/\/esferareal.com\/wp-content\/uploads\/2024\/12\/1-757-Custom.jpg","type":"image\/jpeg"}],"twitter_card":"summary_large_image","twitter_misc":{"Estimated reading time":"1 minute"},"schema":{"@context":"https:\/\/schema.org","@graph":[{"@type":"WebPage","@id":"https:\/\/esferareal.com\/imovel\/armazem-e-ruina-757\/","url":"https:\/\/esferareal.com\/imovel\/armazem-e-ruina-757\/","name":"Armaz\u00e9m e Ru\u00edna - 757 - Esfera Real","isPartOf":{"@id":"https:\/\/esferareal.com\/#website"},"primaryImageOfPage":{"@id":"https:\/\/esferareal.com\/imovel\/armazem-e-ruina-757\/#primaryimage"},"image":{"@id":"https:\/\/esferareal.com\/imovel\/armazem-e-ruina-757\/#primaryimage"},"thumbnailUrl":"https:\/\/esferareal.com\/wp-content\/uploads\/2024\/12\/1-757-Custom.jpg","datePublished":"2024-12-04T16:39:31+00:00","dateModified":"2025-02-12T09:33:10+00:00","breadcrumb":{"@id":"https:\/\/esferareal.com\/imovel\/armazem-e-ruina-757\/#breadcrumb"},"inLanguage":"en-GB","potentialAction":[{"@type":"ReadAction","target":["https:\/\/esferareal.com\/imovel\/armazem-e-ruina-757\/"]}]},{"@type":"ImageObject","inLanguage":"en-GB","@id":"https:\/\/esferareal.com\/imovel\/armazem-e-ruina-757\/#primaryimage","url":"https:\/\/esferareal.com\/wp-content\/uploads\/2024\/12\/1-757-Custom.jpg","contentUrl":"https:\/\/esferareal.com\/wp-content\/uploads\/2024\/12\/1-757-Custom.jpg","width":667,"height":500},{"@type":"BreadcrumbList","@id":"https:\/\/esferareal.com\/imovel\/armazem-e-ruina-757\/#breadcrumb","itemListElement":[{"@type":"ListItem","position":1,"name":"In\u00edcio","item":"https:\/\/esferareal.com\/en\/"},{"@type":"ListItem","position":2,"name":"Armaz\u00e9m e Ru\u00edna &#8211; 757"}]},{"@type":"WebSite","@id":"https:\/\/esferareal.com\/#website","url":"https:\/\/esferareal.com\/","name":"Esfera Real","description":"Media\u00e7\u00e3o Imobili\u00e1ria","publisher":{"@id":"https:\/\/esferareal.com\/#organization"},"potentialAction":[{"@type":"SearchAction","target":{"@type":"EntryPoint","urlTemplate":"https:\/\/esferareal.com\/?s={search_term_string}"},"query-input":{"@type":"PropertyValueSpecification","valueRequired":true,"valueName":"search_term_string"}}],"inLanguage":"en-GB"},{"@type":"Organization","@id":"https:\/\/esferareal.com\/#organization","name":"Esfera Real Media\u00e7\u00e3o Imobili\u00e1ria","url":"https:\/\/esferareal.com\/","logo":{"@type":"ImageObject","inLanguage":"en-GB","@id":"https:\/\/esferareal.com\/#\/schema\/logo\/image\/","url":"https:\/\/esferareal.com\/wp-content\/uploads\/2024\/10\/logo-esferareal300.png","contentUrl":"https:\/\/esferareal.com\/wp-content\/uploads\/2024\/10\/logo-esferareal300.png","width":300,"height":221,"caption":"Esfera Real Media\u00e7\u00e3o Imobili\u00e1ria"},"image":{"@id":"https:\/\/esferareal.com\/#\/schema\/logo\/image\/"},"sameAs":["https:\/\/www.facebook.com\/people\/Esfera-Real\/100057693960084\/","https:\/\/www.instagram.com\/esferareal\/","https:\/\/www.youtube.com\/channel\/UCYb-CPOTpF03PSyHBSoCfbA"]}]}},"_links":{"self":[{"href":"https:\/\/esferareal.com\/en\/wp-json\/wp\/v2\/imovel\/1255","targetHints":{"allow":["GET"]}}],"collection":[{"href":"https:\/\/esferareal.com\/en\/wp-json\/wp\/v2\/imovel"}],"about":[{"href":"https:\/\/esferareal.com\/en\/wp-json\/wp\/v2\/types\/imovel"}],"author":[{"embeddable":true,"href":"https:\/\/esferareal.com\/en\/wp-json\/wp\/v2\/users\/3"}],"version-history":[{"count":1,"href":"https:\/\/esferareal.com\/en\/wp-json\/wp\/v2\/imovel\/1255\/revisions"}],"predecessor-version":[{"id":1256,"href":"https:\/\/esferareal.com\/en\/wp-json\/wp\/v2\/imovel\/1255\/revisions\/1256"}],"wp:featuredmedia":[{"embeddable":true,"href":"https:\/\/esferareal.com\/en\/wp-json\/wp\/v2\/media\/1240"}],"wp:attachment":[{"href":"https:\/\/esferareal.com\/en\/wp-json\/wp\/v2\/media?parent=1255"}],"wp:term":[{"taxonomy":"tipo","embeddable":true,"href":"https:\/\/esferareal.com\/en\/wp-json\/wp\/v2\/tipo?post=1255"}],"curies":[{"name":"wp","href":"https:\/\/api.w.org\/{rel}","templated":true}]}}