 
{"id":13043,"date":"2026-09-04T09:48:20","date_gmt":"2026-09-04T09:48:20","guid":{"rendered":"https:\/\/esferareal.com\/?post_type=imovel&#038;p=13043"},"modified":"2026-09-04T09:48:22","modified_gmt":"2026-09-04T09:48:22","slug":"casa-do-carvalho-1431","status":"publish","type":"imovel","link":"https:\/\/esferareal.com\/en\/imovel\/casa-do-carvalho-1431\/","title":{"rendered":"Casa do Carvalho &#8211; 1431"},"content":{"rendered":"<p class=\"wp-block-paragraph\">Village house for sale in Central Portugal, with 4 bedrooms, a terrace with views over the surrounding hills, outdoor space and close proximity to a stream with a riverside leisure area, making it an interesting option for permanent living, a holiday home or investment in a peaceful and traditionally Portuguese setting.<\/p>\n\n\n\n<p class=\"wp-block-paragraph\">The house is distributed over two living floors: on the first floor there is a kitchen with access to a balcony, sitting room, 1 bedroom, bathroom and pantry. The upper floor comprises a further 3 bedrooms and a<em>rooftop-style<\/em>terrace, offering pleasant open views over the surrounding hills and providing a useful outdoor space.<\/p>\n\n\n\n<p class=\"wp-block-paragraph\">On the ground floor there are 4 rooms currently used for storage, with versatile potential. One of these could be used as a workshop or bedroom, offering different possibilities for future use.<\/p>\n\n\n\n<p class=\"wp-block-paragraph\">Despite the age of the property, the house is in good habitable condition, although it may benefit from some cosmetic and maintenance works.<br>Opposite the house, on the other side of the road, there is also a plot of land which could be used for a small vegetable garden, garden or car parking.<\/p>\n\n\n\n<p class=\"wp-block-paragraph\">The property is situated in the centre of the village, on a narrow street typical of traditional villages in Central Portugal.<br>The village itself has a stream with a riverside leisure area, allowing residents to enjoy the surrounding nature and proximity to the water.<\/p>\n\n\n\n<p class=\"wp-block-paragraph\">An interesting opportunity for those looking for a village house with 4 bedrooms, terrace, views over the hills, storage space and proximity to a riverside leisure area, in a peaceful rural setting in Central Portugal.<\/p>\n\n\n\n<p class=\"wp-block-paragraph\">Arrange your viewing!<\/p>","protected":false},"author":3,"featured_media":13008,"template":"","meta":{"_acf_changed":false,"footnotes":""},"tipo":[13],"class_list":["post-13043","imovel","type-imovel","status-publish","has-post-thumbnail","hentry","tipo-moradia"],"acf":[],"yoast_head":"<!-- This site is optimized with the Yoast SEO plugin v24.4 - https:\/\/yoast.com\/wordpress\/plugins\/seo\/ -->\n<title>Casa do Carvalho - 1431 - Esfera Real<\/title>\n<meta name=\"robots\" content=\"index, follow, max-snippet:-1, max-image-preview:large, max-video-preview:-1\" \/>\n<link rel=\"canonical\" href=\"https:\/\/esferareal.com\/en\/imovel\/casa-do-carvalho-1431\/\" \/>\n<meta property=\"og:locale\" content=\"en_GB\" \/>\n<meta property=\"og:type\" content=\"article\" \/>\n<meta property=\"og:title\" content=\"Casa do Carvalho - 1431 - Esfera Real\" \/>\n<meta property=\"og:description\" content=\"Moradia de aldeia para venda no centro de Portugal, com 4 quartos, terra\u00e7o com vistas para a serra, espa\u00e7o exterior e proximidade de uma ribeira com zona de lazer fluvial, \u00f3tima para habita\u00e7\u00e3o permanente, casa de f\u00e9rias ou investimento numa zona tranquila e de car\u00e1cter tradicional. A casa distribui-se por dois pisos habitacionais: no 1\u00ba [&hellip;]\" \/>\n<meta property=\"og:url\" content=\"https:\/\/esferareal.com\/en\/imovel\/casa-do-carvalho-1431\/\" \/>\n<meta property=\"og:site_name\" content=\"Esfera Real\" \/>\n<meta property=\"article:publisher\" content=\"https:\/\/www.facebook.com\/people\/Esfera-Real\/100057693960084\/\" \/>\n<meta property=\"article:modified_time\" content=\"2026-09-04T09:48:22+00:00\" \/>\n<meta property=\"og:image\" content=\"https:\/\/esferareal.com\/wp-content\/uploads\/2026\/09\/1-1431-Large.jpg\" \/>\n\t<meta property=\"og:image:width\" content=\"1440\" \/>\n\t<meta property=\"og:image:height\" content=\"1080\" \/>\n\t<meta property=\"og:image:type\" content=\"image\/jpeg\" \/>\n<meta name=\"twitter:card\" content=\"summary_large_image\" \/>\n<meta name=\"twitter:label1\" content=\"Estimated reading time\" \/>\n\t<meta name=\"twitter:data1\" content=\"2 minutes\" \/>\n<script type=\"application\/ld+json\" class=\"yoast-schema-graph\">{\"@context\":\"https:\/\/schema.org\",\"@graph\":[{\"@type\":\"WebPage\",\"@id\":\"https:\/\/esferareal.com\/imovel\/casa-do-carvalho-1431\/\",\"url\":\"https:\/\/esferareal.com\/imovel\/casa-do-carvalho-1431\/\",\"name\":\"Casa do Carvalho - 1431 - Esfera Real\",\"isPartOf\":{\"@id\":\"https:\/\/esferareal.com\/#website\"},\"primaryImageOfPage\":{\"@id\":\"https:\/\/esferareal.com\/imovel\/casa-do-carvalho-1431\/#primaryimage\"},\"image\":{\"@id\":\"https:\/\/esferareal.com\/imovel\/casa-do-carvalho-1431\/#primaryimage\"},\"thumbnailUrl\":\"https:\/\/esferareal.com\/wp-content\/uploads\/2026\/09\/1-1431-Large.jpg\",\"datePublished\":\"2026-09-04T09:48:20+00:00\",\"dateModified\":\"2026-09-04T09:48:22+00:00\",\"breadcrumb\":{\"@id\":\"https:\/\/esferareal.com\/imovel\/casa-do-carvalho-1431\/#breadcrumb\"},\"inLanguage\":\"en-GB\",\"potentialAction\":[{\"@type\":\"ReadAction\",\"target\":[\"https:\/\/esferareal.com\/imovel\/casa-do-carvalho-1431\/\"]}]},{\"@type\":\"ImageObject\",\"inLanguage\":\"en-GB\",\"@id\":\"https:\/\/esferareal.com\/imovel\/casa-do-carvalho-1431\/#primaryimage\",\"url\":\"https:\/\/esferareal.com\/wp-content\/uploads\/2026\/09\/1-1431-Large.jpg\",\"contentUrl\":\"https:\/\/esferareal.com\/wp-content\/uploads\/2026\/09\/1-1431-Large.jpg\",\"width\":1440,\"height\":1080},{\"@type\":\"BreadcrumbList\",\"@id\":\"https:\/\/esferareal.com\/imovel\/casa-do-carvalho-1431\/#breadcrumb\",\"itemListElement\":[{\"@type\":\"ListItem\",\"position\":1,\"name\":\"In\u00edcio\",\"item\":\"https:\/\/esferareal.com\/en\/\"},{\"@type\":\"ListItem\",\"position\":2,\"name\":\"Casa do Carvalho &#8211; 1431\"}]},{\"@type\":\"WebSite\",\"@id\":\"https:\/\/esferareal.com\/#website\",\"url\":\"https:\/\/esferareal.com\/\",\"name\":\"Esfera Real\",\"description\":\"Media\u00e7\u00e3o Imobili\u00e1ria\",\"publisher\":{\"@id\":\"https:\/\/esferareal.com\/#organization\"},\"potentialAction\":[{\"@type\":\"SearchAction\",\"target\":{\"@type\":\"EntryPoint\",\"urlTemplate\":\"https:\/\/esferareal.com\/?s={search_term_string}\"},\"query-input\":{\"@type\":\"PropertyValueSpecification\",\"valueRequired\":true,\"valueName\":\"search_term_string\"}}],\"inLanguage\":\"en-GB\"},{\"@type\":\"Organization\",\"@id\":\"https:\/\/esferareal.com\/#organization\",\"name\":\"Esfera Real Media\u00e7\u00e3o Imobili\u00e1ria\",\"url\":\"https:\/\/esferareal.com\/\",\"logo\":{\"@type\":\"ImageObject\",\"inLanguage\":\"en-GB\",\"@id\":\"https:\/\/esferareal.com\/#\/schema\/logo\/image\/\",\"url\":\"https:\/\/esferareal.com\/wp-content\/uploads\/2024\/10\/logo-esferareal300.png\",\"contentUrl\":\"https:\/\/esferareal.com\/wp-content\/uploads\/2024\/10\/logo-esferareal300.png\",\"width\":300,\"height\":221,\"caption\":\"Esfera Real Media\u00e7\u00e3o Imobili\u00e1ria\"},\"image\":{\"@id\":\"https:\/\/esferareal.com\/#\/schema\/logo\/image\/\"},\"sameAs\":[\"https:\/\/www.facebook.com\/people\/Esfera-Real\/100057693960084\/\",\"https:\/\/www.instagram.com\/esferareal\/\",\"https:\/\/www.youtube.com\/channel\/UCYb-CPOTpF03PSyHBSoCfbA\"]}]}<\/script>\n<!-- \/ Yoast SEO plugin. -->","yoast_head_json":{"title":"Casa do Carvalho - 1431 - Esfera Real","robots":{"index":"index","follow":"follow","max-snippet":"max-snippet:-1","max-image-preview":"max-image-preview:large","max-video-preview":"max-video-preview:-1"},"canonical":"https:\/\/esferareal.com\/en\/imovel\/casa-do-carvalho-1431\/","og_locale":"en_GB","og_type":"article","og_title":"Casa do Carvalho - 1431 - Esfera Real","og_description":"Moradia de aldeia para venda no centro de Portugal, com 4 quartos, terra\u00e7o com vistas para a serra, espa\u00e7o exterior e proximidade de uma ribeira com zona de lazer fluvial, \u00f3tima para habita\u00e7\u00e3o permanente, casa de f\u00e9rias ou investimento numa zona tranquila e de car\u00e1cter tradicional. A casa distribui-se por dois pisos habitacionais: no 1\u00ba [&hellip;]","og_url":"https:\/\/esferareal.com\/en\/imovel\/casa-do-carvalho-1431\/","og_site_name":"Esfera Real","article_publisher":"https:\/\/www.facebook.com\/people\/Esfera-Real\/100057693960084\/","article_modified_time":"2026-09-04T09:48:22+00:00","og_image":[{"width":1440,"height":1080,"url":"https:\/\/esferareal.com\/wp-content\/uploads\/2026\/09\/1-1431-Large.jpg","type":"image\/jpeg"}],"twitter_card":"summary_large_image","twitter_misc":{"Estimated reading time":"2 minutes"},"schema":{"@context":"https:\/\/schema.org","@graph":[{"@type":"WebPage","@id":"https:\/\/esferareal.com\/imovel\/casa-do-carvalho-1431\/","url":"https:\/\/esferareal.com\/imovel\/casa-do-carvalho-1431\/","name":"Casa do Carvalho - 1431 - Esfera Real","isPartOf":{"@id":"https:\/\/esferareal.com\/#website"},"primaryImageOfPage":{"@id":"https:\/\/esferareal.com\/imovel\/casa-do-carvalho-1431\/#primaryimage"},"image":{"@id":"https:\/\/esferareal.com\/imovel\/casa-do-carvalho-1431\/#primaryimage"},"thumbnailUrl":"https:\/\/esferareal.com\/wp-content\/uploads\/2026\/09\/1-1431-Large.jpg","datePublished":"2026-09-04T09:48:20+00:00","dateModified":"2026-09-04T09:48:22+00:00","breadcrumb":{"@id":"https:\/\/esferareal.com\/imovel\/casa-do-carvalho-1431\/#breadcrumb"},"inLanguage":"en-GB","potentialAction":[{"@type":"ReadAction","target":["https:\/\/esferareal.com\/imovel\/casa-do-carvalho-1431\/"]}]},{"@type":"ImageObject","inLanguage":"en-GB","@id":"https:\/\/esferareal.com\/imovel\/casa-do-carvalho-1431\/#primaryimage","url":"https:\/\/esferareal.com\/wp-content\/uploads\/2026\/09\/1-1431-Large.jpg","contentUrl":"https:\/\/esferareal.com\/wp-content\/uploads\/2026\/09\/1-1431-Large.jpg","width":1440,"height":1080},{"@type":"BreadcrumbList","@id":"https:\/\/esferareal.com\/imovel\/casa-do-carvalho-1431\/#breadcrumb","itemListElement":[{"@type":"ListItem","position":1,"name":"In\u00edcio","item":"https:\/\/esferareal.com\/en\/"},{"@type":"ListItem","position":2,"name":"Casa do Carvalho &#8211; 1431"}]},{"@type":"WebSite","@id":"https:\/\/esferareal.com\/#website","url":"https:\/\/esferareal.com\/","name":"Esfera Real","description":"Media\u00e7\u00e3o Imobili\u00e1ria","publisher":{"@id":"https:\/\/esferareal.com\/#organization"},"potentialAction":[{"@type":"SearchAction","target":{"@type":"EntryPoint","urlTemplate":"https:\/\/esferareal.com\/?s={search_term_string}"},"query-input":{"@type":"PropertyValueSpecification","valueRequired":true,"valueName":"search_term_string"}}],"inLanguage":"en-GB"},{"@type":"Organization","@id":"https:\/\/esferareal.com\/#organization","name":"Esfera Real Media\u00e7\u00e3o Imobili\u00e1ria","url":"https:\/\/esferareal.com\/","logo":{"@type":"ImageObject","inLanguage":"en-GB","@id":"https:\/\/esferareal.com\/#\/schema\/logo\/image\/","url":"https:\/\/esferareal.com\/wp-content\/uploads\/2024\/10\/logo-esferareal300.png","contentUrl":"https:\/\/esferareal.com\/wp-content\/uploads\/2024\/10\/logo-esferareal300.png","width":300,"height":221,"caption":"Esfera Real Media\u00e7\u00e3o Imobili\u00e1ria"},"image":{"@id":"https:\/\/esferareal.com\/#\/schema\/logo\/image\/"},"sameAs":["https:\/\/www.facebook.com\/people\/Esfera-Real\/100057693960084\/","https:\/\/www.instagram.com\/esferareal\/","https:\/\/www.youtube.com\/channel\/UCYb-CPOTpF03PSyHBSoCfbA"]}]}},"_links":{"self":[{"href":"https:\/\/esferareal.com\/en\/wp-json\/wp\/v2\/imovel\/13043","targetHints":{"allow":["GET"]}}],"collection":[{"href":"https:\/\/esferareal.com\/en\/wp-json\/wp\/v2\/imovel"}],"about":[{"href":"https:\/\/esferareal.com\/en\/wp-json\/wp\/v2\/types\/imovel"}],"author":[{"embeddable":true,"href":"https:\/\/esferareal.com\/en\/wp-json\/wp\/v2\/users\/3"}],"version-history":[{"count":1,"href":"https:\/\/esferareal.com\/en\/wp-json\/wp\/v2\/imovel\/13043\/revisions"}],"predecessor-version":[{"id":13044,"href":"https:\/\/esferareal.com\/en\/wp-json\/wp\/v2\/imovel\/13043\/revisions\/13044"}],"wp:featuredmedia":[{"embeddable":true,"href":"https:\/\/esferareal.com\/en\/wp-json\/wp\/v2\/media\/13008"}],"wp:attachment":[{"href":"https:\/\/esferareal.com\/en\/wp-json\/wp\/v2\/media?parent=13043"}],"wp:term":[{"taxonomy":"tipo","embeddable":true,"href":"https:\/\/esferareal.com\/en\/wp-json\/wp\/v2\/tipo?post=13043"}],"curies":[{"name":"wp","href":"https:\/\/api.w.org\/{rel}","templated":true}]}}