 
{"id":602,"date":"2024-12-02T10:29:15","date_gmt":"2024-12-02T10:29:15","guid":{"rendered":"https:\/\/esferareal.com\/?post_type=imovel&#038;p=602"},"modified":"2025-02-12T09:20:50","modified_gmt":"2025-02-12T09:20:50","slug":"casa-da-ribeira-velha-681","status":"publish","type":"imovel","link":"https:\/\/esferareal.com\/en\/imovel\/casa-da-ribeira-velha-681\/","title":{"rendered":"Casa da Ribeira Velha &#8211; 681"},"content":{"rendered":"<p>Old house located in the centre of a small village in the parish of Campelo, city council of Figueir\u00f3 dos Vinhos, right in central Portugal.<\/p>\n\n\n\n<p>It needs general maintenance on its interior and some substitutions on the roof.<\/p>\n\n\n\n<p>We\u00b4re talking about a house composed of, on the ground floor, by various storerooms with good areas and on the 1st floor by an old kitchen, living room, two bedrooms, a bathroom and another area to store your goods. Water and electricity close to the house. Beautiful landscapes and excellent solar exposure.<\/p>\n\n\n\n<p>Praia das Rocas, in the town of Castanheira de P\u00eara, - the biggest beach with artificial waves in Portugal -, is only 8 Km away.<\/p>\n\n\n\n<p>Come check it out!<\/p>","protected":false},"author":6,"featured_media":576,"template":"","meta":{"_acf_changed":false,"footnotes":""},"tipo":[15,16],"class_list":["post-602","imovel","type-imovel","status-publish","has-post-thumbnail","hentry","tipo-casa-rustica","tipo-ruina"],"acf":[],"yoast_head":"<!-- This site is optimized with the Yoast SEO plugin v24.4 - https:\/\/yoast.com\/wordpress\/plugins\/seo\/ -->\n<title>Casa da Ribeira Velha - 681 - Esfera Real<\/title>\n<meta name=\"robots\" content=\"index, follow, max-snippet:-1, max-image-preview:large, max-video-preview:-1\" \/>\n<link rel=\"canonical\" href=\"https:\/\/esferareal.com\/en\/imovel\/casa-da-ribeira-velha-681\/\" \/>\n<meta property=\"og:locale\" content=\"en_GB\" \/>\n<meta property=\"og:type\" content=\"article\" \/>\n<meta property=\"og:title\" content=\"Casa da Ribeira Velha - 681 - Esfera Real\" \/>\n<meta property=\"og:description\" content=\"Casa antiga localizada no centro de uma pequena aldeia na freguesia de Campelo e concelho de Figueir\u00f3 dos Vinhos, no centro de Portugal. Necessita de obras gerais no seu interior e tamb\u00e9m de substitui\u00e7\u00e3o na estrutura do telhado. Trata-se de uma casa composta, no seu r\u00e9s-do-ch\u00e3o, por diversos arrumos com boas \u00e1reas e no primeiro [&hellip;]\" \/>\n<meta property=\"og:url\" content=\"https:\/\/esferareal.com\/en\/imovel\/casa-da-ribeira-velha-681\/\" \/>\n<meta property=\"og:site_name\" content=\"Esfera Real\" \/>\n<meta property=\"article:publisher\" content=\"https:\/\/www.facebook.com\/people\/Esfera-Real\/100057693960084\/\" \/>\n<meta property=\"article:modified_time\" content=\"2025-02-12T09:20:50+00:00\" \/>\n<meta property=\"og:image\" content=\"https:\/\/esferareal.com\/wp-content\/uploads\/2024\/12\/1-681-NEW-Custom.jpg\" \/>\n\t<meta property=\"og:image:width\" content=\"667\" \/>\n\t<meta property=\"og:image:height\" content=\"500\" \/>\n\t<meta property=\"og:image:type\" content=\"image\/jpeg\" \/>\n<meta name=\"twitter:card\" content=\"summary_large_image\" \/>\n<meta name=\"twitter:label1\" content=\"Estimated reading time\" \/>\n\t<meta name=\"twitter:data1\" content=\"1 minute\" \/>\n<script type=\"application\/ld+json\" class=\"yoast-schema-graph\">{\"@context\":\"https:\/\/schema.org\",\"@graph\":[{\"@type\":\"WebPage\",\"@id\":\"https:\/\/esferareal.com\/imovel\/casa-da-ribeira-velha-681\/\",\"url\":\"https:\/\/esferareal.com\/imovel\/casa-da-ribeira-velha-681\/\",\"name\":\"Casa da Ribeira Velha - 681 - Esfera Real\",\"isPartOf\":{\"@id\":\"https:\/\/esferareal.com\/#website\"},\"primaryImageOfPage\":{\"@id\":\"https:\/\/esferareal.com\/imovel\/casa-da-ribeira-velha-681\/#primaryimage\"},\"image\":{\"@id\":\"https:\/\/esferareal.com\/imovel\/casa-da-ribeira-velha-681\/#primaryimage\"},\"thumbnailUrl\":\"https:\/\/esferareal.com\/wp-content\/uploads\/2024\/12\/1-681-NEW-Custom.jpg\",\"datePublished\":\"2024-12-02T10:29:15+00:00\",\"dateModified\":\"2025-02-12T09:20:50+00:00\",\"breadcrumb\":{\"@id\":\"https:\/\/esferareal.com\/imovel\/casa-da-ribeira-velha-681\/#breadcrumb\"},\"inLanguage\":\"en-GB\",\"potentialAction\":[{\"@type\":\"ReadAction\",\"target\":[\"https:\/\/esferareal.com\/imovel\/casa-da-ribeira-velha-681\/\"]}]},{\"@type\":\"ImageObject\",\"inLanguage\":\"en-GB\",\"@id\":\"https:\/\/esferareal.com\/imovel\/casa-da-ribeira-velha-681\/#primaryimage\",\"url\":\"https:\/\/esferareal.com\/wp-content\/uploads\/2024\/12\/1-681-NEW-Custom.jpg\",\"contentUrl\":\"https:\/\/esferareal.com\/wp-content\/uploads\/2024\/12\/1-681-NEW-Custom.jpg\",\"width\":667,\"height\":500},{\"@type\":\"BreadcrumbList\",\"@id\":\"https:\/\/esferareal.com\/imovel\/casa-da-ribeira-velha-681\/#breadcrumb\",\"itemListElement\":[{\"@type\":\"ListItem\",\"position\":1,\"name\":\"In\u00edcio\",\"item\":\"https:\/\/esferareal.com\/en\/\"},{\"@type\":\"ListItem\",\"position\":2,\"name\":\"Casa da Ribeira Velha &#8211; 681\"}]},{\"@type\":\"WebSite\",\"@id\":\"https:\/\/esferareal.com\/#website\",\"url\":\"https:\/\/esferareal.com\/\",\"name\":\"Esfera Real\",\"description\":\"Media\u00e7\u00e3o Imobili\u00e1ria\",\"publisher\":{\"@id\":\"https:\/\/esferareal.com\/#organization\"},\"potentialAction\":[{\"@type\":\"SearchAction\",\"target\":{\"@type\":\"EntryPoint\",\"urlTemplate\":\"https:\/\/esferareal.com\/?s={search_term_string}\"},\"query-input\":{\"@type\":\"PropertyValueSpecification\",\"valueRequired\":true,\"valueName\":\"search_term_string\"}}],\"inLanguage\":\"en-GB\"},{\"@type\":\"Organization\",\"@id\":\"https:\/\/esferareal.com\/#organization\",\"name\":\"Esfera Real Media\u00e7\u00e3o Imobili\u00e1ria\",\"url\":\"https:\/\/esferareal.com\/\",\"logo\":{\"@type\":\"ImageObject\",\"inLanguage\":\"en-GB\",\"@id\":\"https:\/\/esferareal.com\/#\/schema\/logo\/image\/\",\"url\":\"https:\/\/esferareal.com\/wp-content\/uploads\/2024\/10\/logo-esferareal300.png\",\"contentUrl\":\"https:\/\/esferareal.com\/wp-content\/uploads\/2024\/10\/logo-esferareal300.png\",\"width\":300,\"height\":221,\"caption\":\"Esfera Real Media\u00e7\u00e3o Imobili\u00e1ria\"},\"image\":{\"@id\":\"https:\/\/esferareal.com\/#\/schema\/logo\/image\/\"},\"sameAs\":[\"https:\/\/www.facebook.com\/people\/Esfera-Real\/100057693960084\/\",\"https:\/\/www.instagram.com\/esferareal\/\",\"https:\/\/www.youtube.com\/channel\/UCYb-CPOTpF03PSyHBSoCfbA\"]}]}<\/script>\n<!-- \/ Yoast SEO plugin. -->","yoast_head_json":{"title":"Casa da Ribeira Velha - 681 - Esfera Real","robots":{"index":"index","follow":"follow","max-snippet":"max-snippet:-1","max-image-preview":"max-image-preview:large","max-video-preview":"max-video-preview:-1"},"canonical":"https:\/\/esferareal.com\/en\/imovel\/casa-da-ribeira-velha-681\/","og_locale":"en_GB","og_type":"article","og_title":"Casa da Ribeira Velha - 681 - Esfera Real","og_description":"Casa antiga localizada no centro de uma pequena aldeia na freguesia de Campelo e concelho de Figueir\u00f3 dos Vinhos, no centro de Portugal. Necessita de obras gerais no seu interior e tamb\u00e9m de substitui\u00e7\u00e3o na estrutura do telhado. Trata-se de uma casa composta, no seu r\u00e9s-do-ch\u00e3o, por diversos arrumos com boas \u00e1reas e no primeiro [&hellip;]","og_url":"https:\/\/esferareal.com\/en\/imovel\/casa-da-ribeira-velha-681\/","og_site_name":"Esfera Real","article_publisher":"https:\/\/www.facebook.com\/people\/Esfera-Real\/100057693960084\/","article_modified_time":"2025-02-12T09:20:50+00:00","og_image":[{"width":667,"height":500,"url":"https:\/\/esferareal.com\/wp-content\/uploads\/2024\/12\/1-681-NEW-Custom.jpg","type":"image\/jpeg"}],"twitter_card":"summary_large_image","twitter_misc":{"Estimated reading time":"1 minute"},"schema":{"@context":"https:\/\/schema.org","@graph":[{"@type":"WebPage","@id":"https:\/\/esferareal.com\/imovel\/casa-da-ribeira-velha-681\/","url":"https:\/\/esferareal.com\/imovel\/casa-da-ribeira-velha-681\/","name":"Casa da Ribeira Velha - 681 - Esfera Real","isPartOf":{"@id":"https:\/\/esferareal.com\/#website"},"primaryImageOfPage":{"@id":"https:\/\/esferareal.com\/imovel\/casa-da-ribeira-velha-681\/#primaryimage"},"image":{"@id":"https:\/\/esferareal.com\/imovel\/casa-da-ribeira-velha-681\/#primaryimage"},"thumbnailUrl":"https:\/\/esferareal.com\/wp-content\/uploads\/2024\/12\/1-681-NEW-Custom.jpg","datePublished":"2024-12-02T10:29:15+00:00","dateModified":"2025-02-12T09:20:50+00:00","breadcrumb":{"@id":"https:\/\/esferareal.com\/imovel\/casa-da-ribeira-velha-681\/#breadcrumb"},"inLanguage":"en-GB","potentialAction":[{"@type":"ReadAction","target":["https:\/\/esferareal.com\/imovel\/casa-da-ribeira-velha-681\/"]}]},{"@type":"ImageObject","inLanguage":"en-GB","@id":"https:\/\/esferareal.com\/imovel\/casa-da-ribeira-velha-681\/#primaryimage","url":"https:\/\/esferareal.com\/wp-content\/uploads\/2024\/12\/1-681-NEW-Custom.jpg","contentUrl":"https:\/\/esferareal.com\/wp-content\/uploads\/2024\/12\/1-681-NEW-Custom.jpg","width":667,"height":500},{"@type":"BreadcrumbList","@id":"https:\/\/esferareal.com\/imovel\/casa-da-ribeira-velha-681\/#breadcrumb","itemListElement":[{"@type":"ListItem","position":1,"name":"In\u00edcio","item":"https:\/\/esferareal.com\/en\/"},{"@type":"ListItem","position":2,"name":"Casa da Ribeira Velha &#8211; 681"}]},{"@type":"WebSite","@id":"https:\/\/esferareal.com\/#website","url":"https:\/\/esferareal.com\/","name":"Esfera Real","description":"Media\u00e7\u00e3o Imobili\u00e1ria","publisher":{"@id":"https:\/\/esferareal.com\/#organization"},"potentialAction":[{"@type":"SearchAction","target":{"@type":"EntryPoint","urlTemplate":"https:\/\/esferareal.com\/?s={search_term_string}"},"query-input":{"@type":"PropertyValueSpecification","valueRequired":true,"valueName":"search_term_string"}}],"inLanguage":"en-GB"},{"@type":"Organization","@id":"https:\/\/esferareal.com\/#organization","name":"Esfera Real Media\u00e7\u00e3o Imobili\u00e1ria","url":"https:\/\/esferareal.com\/","logo":{"@type":"ImageObject","inLanguage":"en-GB","@id":"https:\/\/esferareal.com\/#\/schema\/logo\/image\/","url":"https:\/\/esferareal.com\/wp-content\/uploads\/2024\/10\/logo-esferareal300.png","contentUrl":"https:\/\/esferareal.com\/wp-content\/uploads\/2024\/10\/logo-esferareal300.png","width":300,"height":221,"caption":"Esfera Real Media\u00e7\u00e3o Imobili\u00e1ria"},"image":{"@id":"https:\/\/esferareal.com\/#\/schema\/logo\/image\/"},"sameAs":["https:\/\/www.facebook.com\/people\/Esfera-Real\/100057693960084\/","https:\/\/www.instagram.com\/esferareal\/","https:\/\/www.youtube.com\/channel\/UCYb-CPOTpF03PSyHBSoCfbA"]}]}},"_links":{"self":[{"href":"https:\/\/esferareal.com\/en\/wp-json\/wp\/v2\/imovel\/602","targetHints":{"allow":["GET"]}}],"collection":[{"href":"https:\/\/esferareal.com\/en\/wp-json\/wp\/v2\/imovel"}],"about":[{"href":"https:\/\/esferareal.com\/en\/wp-json\/wp\/v2\/types\/imovel"}],"author":[{"embeddable":true,"href":"https:\/\/esferareal.com\/en\/wp-json\/wp\/v2\/users\/6"}],"version-history":[{"count":1,"href":"https:\/\/esferareal.com\/en\/wp-json\/wp\/v2\/imovel\/602\/revisions"}],"predecessor-version":[{"id":603,"href":"https:\/\/esferareal.com\/en\/wp-json\/wp\/v2\/imovel\/602\/revisions\/603"}],"wp:featuredmedia":[{"embeddable":true,"href":"https:\/\/esferareal.com\/en\/wp-json\/wp\/v2\/media\/576"}],"wp:attachment":[{"href":"https:\/\/esferareal.com\/en\/wp-json\/wp\/v2\/media?parent=602"}],"wp:term":[{"taxonomy":"tipo","embeddable":true,"href":"https:\/\/esferareal.com\/en\/wp-json\/wp\/v2\/tipo?post=602"}],"curies":[{"name":"wp","href":"https:\/\/api.w.org\/{rel}","templated":true}]}}