 
{"id":6913,"date":"2025-03-28T17:10:23","date_gmt":"2025-03-28T17:10:23","guid":{"rendered":"https:\/\/esferareal.com\/?post_type=imovel&#038;p=6913"},"modified":"2026-03-02T17:28:11","modified_gmt":"2026-03-02T17:28:11","slug":"casa-da-rua-central-1304","status":"publish","type":"imovel","link":"https:\/\/esferareal.com\/en\/imovel\/casa-da-rua-central-1304\/","title":{"rendered":"Casa da Rua Central &#8211; 1304"},"content":{"rendered":"<p>2 floor house with annexes and an interior patio located on the centre of a village very close to the Cabril\u00b4s Dam!<\/p>\n\n\n\n<p>The 1st floor comprises of the dwelling area, with a kitchen, a dining room with fireplace, 3 divisions that can be converted into 2 bedrooms and 1 lounge, plus a bathroom.<br>The house has two balconies: one facing east which extends through all the length of the edifice and another smaller one facing west.<\/p>\n\n\n\n<p>On the ground floor, crossing the interior patio, you find various divisions: a basement that serves as garage, with excellent height, various annexes, (one of which with a living room and a kitchen, potentially good for guests), plus storage units.<\/p>\n\n\n\n<p>On the other side of the road, in the style of a yard, and with an annex for small animals, there\u00b4s a plot with arable land, perfect for either agriculture or a small garden.<\/p>\n\n\n\n<p>This property is located in the centre of a village, on one of its main streets, near the local caf\u00e9 with minimarket.<br>Additionally, it\u00b4s very near the Cabril\u00b4s dam, (less than 1 Km away!), and from Vilar da Amoreira\u00b4s river beach, with floating swimming pool, a bar and fantastic natural scenery!<\/p>\n\n\n\n<p>Come check it out!<\/p>","protected":false},"author":3,"featured_media":6879,"template":"","meta":{"_acf_changed":false,"footnotes":""},"tipo":[15,13],"class_list":["post-6913","imovel","type-imovel","status-publish","has-post-thumbnail","hentry","tipo-casa-rustica","tipo-moradia"],"acf":[],"yoast_head":"<!-- This site is optimized with the Yoast SEO plugin v24.4 - https:\/\/yoast.com\/wordpress\/plugins\/seo\/ -->\n<title>Casa da Rua Central - 1304 - Esfera Real<\/title>\n<meta name=\"robots\" content=\"index, follow, max-snippet:-1, max-image-preview:large, max-video-preview:-1\" \/>\n<link rel=\"canonical\" href=\"https:\/\/esferareal.com\/en\/imovel\/casa-da-rua-central-1304\/\" \/>\n<meta property=\"og:locale\" content=\"en_GB\" \/>\n<meta property=\"og:type\" content=\"article\" \/>\n<meta property=\"og:title\" content=\"Casa da Rua Central - 1304 - Esfera Real\" \/>\n<meta property=\"og:description\" content=\"Casa de 2 pisos com anexos e um p\u00e1tio interior localizada no centro de uma aldeia muito perto da Albufeira do Cabril! O 1\u00ba piso constitui a \u00e1rea habitacional, composta por uma cozinha, uma sala de jantar com lareira, 3 divis\u00f5es que podem ser divididas em 2 quartos e 1 sala, e ainda uma casa [&hellip;]\" \/>\n<meta property=\"og:url\" content=\"https:\/\/esferareal.com\/en\/imovel\/casa-da-rua-central-1304\/\" \/>\n<meta property=\"og:site_name\" content=\"Esfera Real\" \/>\n<meta property=\"article:publisher\" content=\"https:\/\/www.facebook.com\/people\/Esfera-Real\/100057693960084\/\" \/>\n<meta property=\"article:modified_time\" content=\"2026-03-02T17:28:11+00:00\" \/>\n<meta property=\"og:image\" content=\"https:\/\/esferareal.com\/wp-content\/uploads\/2025\/03\/1-1304-Custom.jpg\" \/>\n\t<meta property=\"og:image:width\" content=\"667\" \/>\n\t<meta property=\"og:image:height\" content=\"500\" \/>\n\t<meta property=\"og:image:type\" content=\"image\/jpeg\" \/>\n<meta name=\"twitter:card\" content=\"summary_large_image\" \/>\n<meta name=\"twitter:label1\" content=\"Estimated reading time\" \/>\n\t<meta name=\"twitter:data1\" content=\"2 minutes\" \/>\n<script type=\"application\/ld+json\" class=\"yoast-schema-graph\">{\"@context\":\"https:\/\/schema.org\",\"@graph\":[{\"@type\":\"WebPage\",\"@id\":\"https:\/\/esferareal.com\/imovel\/casa-da-rua-central-1304\/\",\"url\":\"https:\/\/esferareal.com\/imovel\/casa-da-rua-central-1304\/\",\"name\":\"Casa da Rua Central - 1304 - Esfera Real\",\"isPartOf\":{\"@id\":\"https:\/\/esferareal.com\/#website\"},\"primaryImageOfPage\":{\"@id\":\"https:\/\/esferareal.com\/imovel\/casa-da-rua-central-1304\/#primaryimage\"},\"image\":{\"@id\":\"https:\/\/esferareal.com\/imovel\/casa-da-rua-central-1304\/#primaryimage\"},\"thumbnailUrl\":\"https:\/\/esferareal.com\/wp-content\/uploads\/2025\/03\/1-1304-Custom.jpg\",\"datePublished\":\"2025-03-28T17:10:23+00:00\",\"dateModified\":\"2026-03-02T17:28:11+00:00\",\"breadcrumb\":{\"@id\":\"https:\/\/esferareal.com\/imovel\/casa-da-rua-central-1304\/#breadcrumb\"},\"inLanguage\":\"en-GB\",\"potentialAction\":[{\"@type\":\"ReadAction\",\"target\":[\"https:\/\/esferareal.com\/imovel\/casa-da-rua-central-1304\/\"]}]},{\"@type\":\"ImageObject\",\"inLanguage\":\"en-GB\",\"@id\":\"https:\/\/esferareal.com\/imovel\/casa-da-rua-central-1304\/#primaryimage\",\"url\":\"https:\/\/esferareal.com\/wp-content\/uploads\/2025\/03\/1-1304-Custom.jpg\",\"contentUrl\":\"https:\/\/esferareal.com\/wp-content\/uploads\/2025\/03\/1-1304-Custom.jpg\",\"width\":667,\"height\":500},{\"@type\":\"BreadcrumbList\",\"@id\":\"https:\/\/esferareal.com\/imovel\/casa-da-rua-central-1304\/#breadcrumb\",\"itemListElement\":[{\"@type\":\"ListItem\",\"position\":1,\"name\":\"In\u00edcio\",\"item\":\"https:\/\/esferareal.com\/en\/\"},{\"@type\":\"ListItem\",\"position\":2,\"name\":\"Casa da Rua Central &#8211; 1304\"}]},{\"@type\":\"WebSite\",\"@id\":\"https:\/\/esferareal.com\/#website\",\"url\":\"https:\/\/esferareal.com\/\",\"name\":\"Esfera Real\",\"description\":\"Media\u00e7\u00e3o Imobili\u00e1ria\",\"publisher\":{\"@id\":\"https:\/\/esferareal.com\/#organization\"},\"potentialAction\":[{\"@type\":\"SearchAction\",\"target\":{\"@type\":\"EntryPoint\",\"urlTemplate\":\"https:\/\/esferareal.com\/?s={search_term_string}\"},\"query-input\":{\"@type\":\"PropertyValueSpecification\",\"valueRequired\":true,\"valueName\":\"search_term_string\"}}],\"inLanguage\":\"en-GB\"},{\"@type\":\"Organization\",\"@id\":\"https:\/\/esferareal.com\/#organization\",\"name\":\"Esfera Real Media\u00e7\u00e3o Imobili\u00e1ria\",\"url\":\"https:\/\/esferareal.com\/\",\"logo\":{\"@type\":\"ImageObject\",\"inLanguage\":\"en-GB\",\"@id\":\"https:\/\/esferareal.com\/#\/schema\/logo\/image\/\",\"url\":\"https:\/\/esferareal.com\/wp-content\/uploads\/2024\/10\/logo-esferareal300.png\",\"contentUrl\":\"https:\/\/esferareal.com\/wp-content\/uploads\/2024\/10\/logo-esferareal300.png\",\"width\":300,\"height\":221,\"caption\":\"Esfera Real Media\u00e7\u00e3o Imobili\u00e1ria\"},\"image\":{\"@id\":\"https:\/\/esferareal.com\/#\/schema\/logo\/image\/\"},\"sameAs\":[\"https:\/\/www.facebook.com\/people\/Esfera-Real\/100057693960084\/\",\"https:\/\/www.instagram.com\/esferareal\/\",\"https:\/\/www.youtube.com\/channel\/UCYb-CPOTpF03PSyHBSoCfbA\"]}]}<\/script>\n<!-- \/ Yoast SEO plugin. -->","yoast_head_json":{"title":"Casa da Rua Central - 1304 - Esfera Real","robots":{"index":"index","follow":"follow","max-snippet":"max-snippet:-1","max-image-preview":"max-image-preview:large","max-video-preview":"max-video-preview:-1"},"canonical":"https:\/\/esferareal.com\/en\/imovel\/casa-da-rua-central-1304\/","og_locale":"en_GB","og_type":"article","og_title":"Casa da Rua Central - 1304 - Esfera Real","og_description":"Casa de 2 pisos com anexos e um p\u00e1tio interior localizada no centro de uma aldeia muito perto da Albufeira do Cabril! O 1\u00ba piso constitui a \u00e1rea habitacional, composta por uma cozinha, uma sala de jantar com lareira, 3 divis\u00f5es que podem ser divididas em 2 quartos e 1 sala, e ainda uma casa [&hellip;]","og_url":"https:\/\/esferareal.com\/en\/imovel\/casa-da-rua-central-1304\/","og_site_name":"Esfera Real","article_publisher":"https:\/\/www.facebook.com\/people\/Esfera-Real\/100057693960084\/","article_modified_time":"2026-03-02T17:28:11+00:00","og_image":[{"width":667,"height":500,"url":"https:\/\/esferareal.com\/wp-content\/uploads\/2025\/03\/1-1304-Custom.jpg","type":"image\/jpeg"}],"twitter_card":"summary_large_image","twitter_misc":{"Estimated reading time":"2 minutes"},"schema":{"@context":"https:\/\/schema.org","@graph":[{"@type":"WebPage","@id":"https:\/\/esferareal.com\/imovel\/casa-da-rua-central-1304\/","url":"https:\/\/esferareal.com\/imovel\/casa-da-rua-central-1304\/","name":"Casa da Rua Central - 1304 - Esfera Real","isPartOf":{"@id":"https:\/\/esferareal.com\/#website"},"primaryImageOfPage":{"@id":"https:\/\/esferareal.com\/imovel\/casa-da-rua-central-1304\/#primaryimage"},"image":{"@id":"https:\/\/esferareal.com\/imovel\/casa-da-rua-central-1304\/#primaryimage"},"thumbnailUrl":"https:\/\/esferareal.com\/wp-content\/uploads\/2025\/03\/1-1304-Custom.jpg","datePublished":"2025-03-28T17:10:23+00:00","dateModified":"2026-03-02T17:28:11+00:00","breadcrumb":{"@id":"https:\/\/esferareal.com\/imovel\/casa-da-rua-central-1304\/#breadcrumb"},"inLanguage":"en-GB","potentialAction":[{"@type":"ReadAction","target":["https:\/\/esferareal.com\/imovel\/casa-da-rua-central-1304\/"]}]},{"@type":"ImageObject","inLanguage":"en-GB","@id":"https:\/\/esferareal.com\/imovel\/casa-da-rua-central-1304\/#primaryimage","url":"https:\/\/esferareal.com\/wp-content\/uploads\/2025\/03\/1-1304-Custom.jpg","contentUrl":"https:\/\/esferareal.com\/wp-content\/uploads\/2025\/03\/1-1304-Custom.jpg","width":667,"height":500},{"@type":"BreadcrumbList","@id":"https:\/\/esferareal.com\/imovel\/casa-da-rua-central-1304\/#breadcrumb","itemListElement":[{"@type":"ListItem","position":1,"name":"In\u00edcio","item":"https:\/\/esferareal.com\/en\/"},{"@type":"ListItem","position":2,"name":"Casa da Rua Central &#8211; 1304"}]},{"@type":"WebSite","@id":"https:\/\/esferareal.com\/#website","url":"https:\/\/esferareal.com\/","name":"Esfera Real","description":"Media\u00e7\u00e3o Imobili\u00e1ria","publisher":{"@id":"https:\/\/esferareal.com\/#organization"},"potentialAction":[{"@type":"SearchAction","target":{"@type":"EntryPoint","urlTemplate":"https:\/\/esferareal.com\/?s={search_term_string}"},"query-input":{"@type":"PropertyValueSpecification","valueRequired":true,"valueName":"search_term_string"}}],"inLanguage":"en-GB"},{"@type":"Organization","@id":"https:\/\/esferareal.com\/#organization","name":"Esfera Real Media\u00e7\u00e3o Imobili\u00e1ria","url":"https:\/\/esferareal.com\/","logo":{"@type":"ImageObject","inLanguage":"en-GB","@id":"https:\/\/esferareal.com\/#\/schema\/logo\/image\/","url":"https:\/\/esferareal.com\/wp-content\/uploads\/2024\/10\/logo-esferareal300.png","contentUrl":"https:\/\/esferareal.com\/wp-content\/uploads\/2024\/10\/logo-esferareal300.png","width":300,"height":221,"caption":"Esfera Real Media\u00e7\u00e3o Imobili\u00e1ria"},"image":{"@id":"https:\/\/esferareal.com\/#\/schema\/logo\/image\/"},"sameAs":["https:\/\/www.facebook.com\/people\/Esfera-Real\/100057693960084\/","https:\/\/www.instagram.com\/esferareal\/","https:\/\/www.youtube.com\/channel\/UCYb-CPOTpF03PSyHBSoCfbA"]}]}},"_links":{"self":[{"href":"https:\/\/esferareal.com\/en\/wp-json\/wp\/v2\/imovel\/6913","targetHints":{"allow":["GET"]}}],"collection":[{"href":"https:\/\/esferareal.com\/en\/wp-json\/wp\/v2\/imovel"}],"about":[{"href":"https:\/\/esferareal.com\/en\/wp-json\/wp\/v2\/types\/imovel"}],"author":[{"embeddable":true,"href":"https:\/\/esferareal.com\/en\/wp-json\/wp\/v2\/users\/3"}],"version-history":[{"count":5,"href":"https:\/\/esferareal.com\/en\/wp-json\/wp\/v2\/imovel\/6913\/revisions"}],"predecessor-version":[{"id":10563,"href":"https:\/\/esferareal.com\/en\/wp-json\/wp\/v2\/imovel\/6913\/revisions\/10563"}],"wp:featuredmedia":[{"embeddable":true,"href":"https:\/\/esferareal.com\/en\/wp-json\/wp\/v2\/media\/6879"}],"wp:attachment":[{"href":"https:\/\/esferareal.com\/en\/wp-json\/wp\/v2\/media?parent=6913"}],"wp:term":[{"taxonomy":"tipo","embeddable":true,"href":"https:\/\/esferareal.com\/en\/wp-json\/wp\/v2\/tipo?post=6913"}],"curies":[{"name":"wp","href":"https:\/\/api.w.org\/{rel}","templated":true}]}}