 
{"id":8197,"date":"2025-06-24T09:35:37","date_gmt":"2025-06-24T09:35:37","guid":{"rendered":"https:\/\/esferareal.com\/?post_type=imovel&#038;p=8197"},"modified":"2025-06-24T09:35:39","modified_gmt":"2025-06-24T09:35:39","slug":"lote-nascer-do-sol-1327","status":"publish","type":"imovel","link":"https:\/\/esferareal.com\/en\/imovel\/lote-nascer-do-sol-1327\/","title":{"rendered":"Lote Nascer do Sol &#8211; 1327"},"content":{"rendered":"<p>Plot of Land with a total area of 685 sqm, according with the correspondent urban registry.<\/p>\n\n\n\n<p>It\u00b4s described as a building plot with a construction area of 161.59 sqm and a gross construction area of 239.75 sqm.<\/p>\n\n\n\n<p>Electricity, water and sanitation networks are available next to the property for respective connections.<\/p>\n\n\n\n<p>The lot is completely flat and is currently clean.<\/p>\n\n\n\n<p>Located on a plateau, with beautiful views, facing west, over the village and long and excellent views facing south.<\/p>\n\n\n\n<p>This is an excellent location due to both good sun exposure and privacy.<\/p>\n\n\n\n<p>The village is only 6 km from Pedr\u00f3g\u00e3o Grande\u00b4s town centre.<\/p>\n\n\n\n<p>Request the lot boundaries and its location and schedule your visit!<\/p>","protected":false},"author":6,"featured_media":8185,"template":"","meta":{"_acf_changed":false,"footnotes":""},"tipo":[12],"class_list":["post-8197","imovel","type-imovel","status-publish","has-post-thumbnail","hentry","tipo-terreno"],"acf":[],"yoast_head":"<!-- This site is optimized with the Yoast SEO plugin v24.4 - https:\/\/yoast.com\/wordpress\/plugins\/seo\/ -->\n<title>Lote Nascer do Sol - 1327 - Esfera Real<\/title>\n<meta name=\"robots\" content=\"index, follow, max-snippet:-1, max-image-preview:large, max-video-preview:-1\" \/>\n<link rel=\"canonical\" href=\"https:\/\/esferareal.com\/en\/imovel\/lote-nascer-do-sol-1327\/\" \/>\n<meta property=\"og:locale\" content=\"en_GB\" \/>\n<meta property=\"og:type\" content=\"article\" \/>\n<meta property=\"og:title\" content=\"Lote Nascer do Sol - 1327 - Esfera Real\" \/>\n<meta property=\"og:description\" content=\"Terreno composto por uma \u00e1rea total de 685 m2, de acordo com a caderneta predial urbana correspondente. \u00c9 descrito como um terreno para constru\u00e7\u00e3o, com uma \u00e1rea de implanta\u00e7\u00e3o de 161,59 m2 e uma \u00e1rea bruta de constru\u00e7\u00e3o de 239,75 m2. Rede el\u00e9trica, de \u00e1gua e saneamento dispon\u00edveis junto \u00e0 propriedade para solicitar as respetivas [&hellip;]\" \/>\n<meta property=\"og:url\" content=\"https:\/\/esferareal.com\/en\/imovel\/lote-nascer-do-sol-1327\/\" \/>\n<meta property=\"og:site_name\" content=\"Esfera Real\" \/>\n<meta property=\"article:publisher\" content=\"https:\/\/www.facebook.com\/people\/Esfera-Real\/100057693960084\/\" \/>\n<meta property=\"article:modified_time\" content=\"2025-06-24T09:35:39+00:00\" \/>\n<meta property=\"og:image\" content=\"https:\/\/esferareal.com\/wp-content\/uploads\/2025\/06\/1-1327-Medium.jpg\" \/>\n\t<meta property=\"og:image:width\" content=\"1024\" \/>\n\t<meta property=\"og:image:height\" content=\"768\" \/>\n\t<meta property=\"og:image:type\" content=\"image\/jpeg\" \/>\n<meta name=\"twitter:card\" content=\"summary_large_image\" \/>\n<meta name=\"twitter:label1\" content=\"Estimated reading time\" \/>\n\t<meta name=\"twitter:data1\" content=\"1 minute\" \/>\n<script type=\"application\/ld+json\" class=\"yoast-schema-graph\">{\"@context\":\"https:\/\/schema.org\",\"@graph\":[{\"@type\":\"WebPage\",\"@id\":\"https:\/\/esferareal.com\/imovel\/lote-nascer-do-sol-1327\/\",\"url\":\"https:\/\/esferareal.com\/imovel\/lote-nascer-do-sol-1327\/\",\"name\":\"Lote Nascer do Sol - 1327 - Esfera Real\",\"isPartOf\":{\"@id\":\"https:\/\/esferareal.com\/#website\"},\"primaryImageOfPage\":{\"@id\":\"https:\/\/esferareal.com\/imovel\/lote-nascer-do-sol-1327\/#primaryimage\"},\"image\":{\"@id\":\"https:\/\/esferareal.com\/imovel\/lote-nascer-do-sol-1327\/#primaryimage\"},\"thumbnailUrl\":\"https:\/\/esferareal.com\/wp-content\/uploads\/2025\/06\/1-1327-Medium.jpg\",\"datePublished\":\"2025-06-24T09:35:37+00:00\",\"dateModified\":\"2025-06-24T09:35:39+00:00\",\"breadcrumb\":{\"@id\":\"https:\/\/esferareal.com\/imovel\/lote-nascer-do-sol-1327\/#breadcrumb\"},\"inLanguage\":\"en-GB\",\"potentialAction\":[{\"@type\":\"ReadAction\",\"target\":[\"https:\/\/esferareal.com\/imovel\/lote-nascer-do-sol-1327\/\"]}]},{\"@type\":\"ImageObject\",\"inLanguage\":\"en-GB\",\"@id\":\"https:\/\/esferareal.com\/imovel\/lote-nascer-do-sol-1327\/#primaryimage\",\"url\":\"https:\/\/esferareal.com\/wp-content\/uploads\/2025\/06\/1-1327-Medium.jpg\",\"contentUrl\":\"https:\/\/esferareal.com\/wp-content\/uploads\/2025\/06\/1-1327-Medium.jpg\",\"width\":1024,\"height\":768},{\"@type\":\"BreadcrumbList\",\"@id\":\"https:\/\/esferareal.com\/imovel\/lote-nascer-do-sol-1327\/#breadcrumb\",\"itemListElement\":[{\"@type\":\"ListItem\",\"position\":1,\"name\":\"In\u00edcio\",\"item\":\"https:\/\/esferareal.com\/en\/\"},{\"@type\":\"ListItem\",\"position\":2,\"name\":\"Lote Nascer do Sol &#8211; 1327\"}]},{\"@type\":\"WebSite\",\"@id\":\"https:\/\/esferareal.com\/#website\",\"url\":\"https:\/\/esferareal.com\/\",\"name\":\"Esfera Real\",\"description\":\"Media\u00e7\u00e3o Imobili\u00e1ria\",\"publisher\":{\"@id\":\"https:\/\/esferareal.com\/#organization\"},\"potentialAction\":[{\"@type\":\"SearchAction\",\"target\":{\"@type\":\"EntryPoint\",\"urlTemplate\":\"https:\/\/esferareal.com\/?s={search_term_string}\"},\"query-input\":{\"@type\":\"PropertyValueSpecification\",\"valueRequired\":true,\"valueName\":\"search_term_string\"}}],\"inLanguage\":\"en-GB\"},{\"@type\":\"Organization\",\"@id\":\"https:\/\/esferareal.com\/#organization\",\"name\":\"Esfera Real Media\u00e7\u00e3o Imobili\u00e1ria\",\"url\":\"https:\/\/esferareal.com\/\",\"logo\":{\"@type\":\"ImageObject\",\"inLanguage\":\"en-GB\",\"@id\":\"https:\/\/esferareal.com\/#\/schema\/logo\/image\/\",\"url\":\"https:\/\/esferareal.com\/wp-content\/uploads\/2024\/10\/logo-esferareal300.png\",\"contentUrl\":\"https:\/\/esferareal.com\/wp-content\/uploads\/2024\/10\/logo-esferareal300.png\",\"width\":300,\"height\":221,\"caption\":\"Esfera Real Media\u00e7\u00e3o Imobili\u00e1ria\"},\"image\":{\"@id\":\"https:\/\/esferareal.com\/#\/schema\/logo\/image\/\"},\"sameAs\":[\"https:\/\/www.facebook.com\/people\/Esfera-Real\/100057693960084\/\",\"https:\/\/www.instagram.com\/esferareal\/\",\"https:\/\/www.youtube.com\/channel\/UCYb-CPOTpF03PSyHBSoCfbA\"]}]}<\/script>\n<!-- \/ Yoast SEO plugin. -->","yoast_head_json":{"title":"Lote Nascer do Sol - 1327 - Esfera Real","robots":{"index":"index","follow":"follow","max-snippet":"max-snippet:-1","max-image-preview":"max-image-preview:large","max-video-preview":"max-video-preview:-1"},"canonical":"https:\/\/esferareal.com\/en\/imovel\/lote-nascer-do-sol-1327\/","og_locale":"en_GB","og_type":"article","og_title":"Lote Nascer do Sol - 1327 - Esfera Real","og_description":"Terreno composto por uma \u00e1rea total de 685 m2, de acordo com a caderneta predial urbana correspondente. \u00c9 descrito como um terreno para constru\u00e7\u00e3o, com uma \u00e1rea de implanta\u00e7\u00e3o de 161,59 m2 e uma \u00e1rea bruta de constru\u00e7\u00e3o de 239,75 m2. Rede el\u00e9trica, de \u00e1gua e saneamento dispon\u00edveis junto \u00e0 propriedade para solicitar as respetivas [&hellip;]","og_url":"https:\/\/esferareal.com\/en\/imovel\/lote-nascer-do-sol-1327\/","og_site_name":"Esfera Real","article_publisher":"https:\/\/www.facebook.com\/people\/Esfera-Real\/100057693960084\/","article_modified_time":"2025-06-24T09:35:39+00:00","og_image":[{"width":1024,"height":768,"url":"https:\/\/esferareal.com\/wp-content\/uploads\/2025\/06\/1-1327-Medium.jpg","type":"image\/jpeg"}],"twitter_card":"summary_large_image","twitter_misc":{"Estimated reading time":"1 minute"},"schema":{"@context":"https:\/\/schema.org","@graph":[{"@type":"WebPage","@id":"https:\/\/esferareal.com\/imovel\/lote-nascer-do-sol-1327\/","url":"https:\/\/esferareal.com\/imovel\/lote-nascer-do-sol-1327\/","name":"Lote Nascer do Sol - 1327 - Esfera Real","isPartOf":{"@id":"https:\/\/esferareal.com\/#website"},"primaryImageOfPage":{"@id":"https:\/\/esferareal.com\/imovel\/lote-nascer-do-sol-1327\/#primaryimage"},"image":{"@id":"https:\/\/esferareal.com\/imovel\/lote-nascer-do-sol-1327\/#primaryimage"},"thumbnailUrl":"https:\/\/esferareal.com\/wp-content\/uploads\/2025\/06\/1-1327-Medium.jpg","datePublished":"2025-06-24T09:35:37+00:00","dateModified":"2025-06-24T09:35:39+00:00","breadcrumb":{"@id":"https:\/\/esferareal.com\/imovel\/lote-nascer-do-sol-1327\/#breadcrumb"},"inLanguage":"en-GB","potentialAction":[{"@type":"ReadAction","target":["https:\/\/esferareal.com\/imovel\/lote-nascer-do-sol-1327\/"]}]},{"@type":"ImageObject","inLanguage":"en-GB","@id":"https:\/\/esferareal.com\/imovel\/lote-nascer-do-sol-1327\/#primaryimage","url":"https:\/\/esferareal.com\/wp-content\/uploads\/2025\/06\/1-1327-Medium.jpg","contentUrl":"https:\/\/esferareal.com\/wp-content\/uploads\/2025\/06\/1-1327-Medium.jpg","width":1024,"height":768},{"@type":"BreadcrumbList","@id":"https:\/\/esferareal.com\/imovel\/lote-nascer-do-sol-1327\/#breadcrumb","itemListElement":[{"@type":"ListItem","position":1,"name":"In\u00edcio","item":"https:\/\/esferareal.com\/en\/"},{"@type":"ListItem","position":2,"name":"Lote Nascer do Sol &#8211; 1327"}]},{"@type":"WebSite","@id":"https:\/\/esferareal.com\/#website","url":"https:\/\/esferareal.com\/","name":"Esfera Real","description":"Media\u00e7\u00e3o Imobili\u00e1ria","publisher":{"@id":"https:\/\/esferareal.com\/#organization"},"potentialAction":[{"@type":"SearchAction","target":{"@type":"EntryPoint","urlTemplate":"https:\/\/esferareal.com\/?s={search_term_string}"},"query-input":{"@type":"PropertyValueSpecification","valueRequired":true,"valueName":"search_term_string"}}],"inLanguage":"en-GB"},{"@type":"Organization","@id":"https:\/\/esferareal.com\/#organization","name":"Esfera Real Media\u00e7\u00e3o Imobili\u00e1ria","url":"https:\/\/esferareal.com\/","logo":{"@type":"ImageObject","inLanguage":"en-GB","@id":"https:\/\/esferareal.com\/#\/schema\/logo\/image\/","url":"https:\/\/esferareal.com\/wp-content\/uploads\/2024\/10\/logo-esferareal300.png","contentUrl":"https:\/\/esferareal.com\/wp-content\/uploads\/2024\/10\/logo-esferareal300.png","width":300,"height":221,"caption":"Esfera Real Media\u00e7\u00e3o Imobili\u00e1ria"},"image":{"@id":"https:\/\/esferareal.com\/#\/schema\/logo\/image\/"},"sameAs":["https:\/\/www.facebook.com\/people\/Esfera-Real\/100057693960084\/","https:\/\/www.instagram.com\/esferareal\/","https:\/\/www.youtube.com\/channel\/UCYb-CPOTpF03PSyHBSoCfbA"]}]}},"_links":{"self":[{"href":"https:\/\/esferareal.com\/en\/wp-json\/wp\/v2\/imovel\/8197","targetHints":{"allow":["GET"]}}],"collection":[{"href":"https:\/\/esferareal.com\/en\/wp-json\/wp\/v2\/imovel"}],"about":[{"href":"https:\/\/esferareal.com\/en\/wp-json\/wp\/v2\/types\/imovel"}],"author":[{"embeddable":true,"href":"https:\/\/esferareal.com\/en\/wp-json\/wp\/v2\/users\/6"}],"version-history":[{"count":1,"href":"https:\/\/esferareal.com\/en\/wp-json\/wp\/v2\/imovel\/8197\/revisions"}],"predecessor-version":[{"id":8198,"href":"https:\/\/esferareal.com\/en\/wp-json\/wp\/v2\/imovel\/8197\/revisions\/8198"}],"wp:featuredmedia":[{"embeddable":true,"href":"https:\/\/esferareal.com\/en\/wp-json\/wp\/v2\/media\/8185"}],"wp:attachment":[{"href":"https:\/\/esferareal.com\/en\/wp-json\/wp\/v2\/media?parent=8197"}],"wp:term":[{"taxonomy":"tipo","embeddable":true,"href":"https:\/\/esferareal.com\/en\/wp-json\/wp\/v2\/tipo?post=8197"}],"curies":[{"name":"wp","href":"https:\/\/api.w.org\/{rel}","templated":true}]}}