 
{"id":9202,"date":"2025-08-30T11:16:46","date_gmt":"2025-08-30T11:16:46","guid":{"rendered":"https:\/\/esferareal.com\/?post_type=imovel&#038;p=9202"},"modified":"2025-08-30T11:17:27","modified_gmt":"2025-08-30T11:17:27","slug":"moradia-da-aldeia-221","status":"publish","type":"imovel","link":"https:\/\/esferareal.com\/en\/imovel\/moradia-da-aldeia-221\/","title":{"rendered":"Moradia da Aldeia &#8211; 221"},"content":{"rendered":"<p>House with land located in the centre of a quiet village in Central Portugal, just 10 km from Figueir\u00f3 dos Vinhos and Castanheira de P\u00eara.<\/p>\n\n\n\n<p>&nbsp;On the first floor, the property features three bedrooms, a living room, a kitchen, and a bathroom. On the ground floor, there are several storage rooms, an interior patio, and a stone annex, perfect for a garage or agricultural use.<\/p>\n\n\n\n<p>The walled agricultural land, with excellent sun exposure, includes olive trees, an orange tree, and a traditional wood oven.<\/p>\n\n\n\n<p>The property also offers a sunroom and a terrace with open views, ideal for enjoying leisure time.<\/p>\n\n\n\n<p>A great option for those looking for a house with land to renovate in Central Portugal!<\/p>","protected":false},"author":3,"featured_media":9113,"template":"","meta":{"_acf_changed":false,"footnotes":""},"tipo":[15,13],"class_list":["post-9202","imovel","type-imovel","status-publish","has-post-thumbnail","hentry","tipo-casa-rustica","tipo-moradia"],"acf":[],"yoast_head":"<!-- This site is optimized with the Yoast SEO plugin v24.4 - https:\/\/yoast.com\/wordpress\/plugins\/seo\/ -->\n<title>Moradia da Aldeia - 221 - Esfera Real<\/title>\n<meta name=\"robots\" content=\"index, follow, max-snippet:-1, max-image-preview:large, max-video-preview:-1\" \/>\n<link rel=\"canonical\" href=\"https:\/\/esferareal.com\/en\/imovel\/moradia-da-aldeia-221\/\" \/>\n<meta property=\"og:locale\" content=\"en_GB\" \/>\n<meta property=\"og:type\" content=\"article\" \/>\n<meta property=\"og:title\" content=\"Moradia da Aldeia - 221 - Esfera Real\" \/>\n<meta property=\"og:description\" content=\"Moradia com terreno situada no centro de uma aldeia tranquila do centro de Portugal, a apenas 10 km de Figueir\u00f3 dos Vinhos e Castanheira de P\u00eara. &nbsp;A casa \u00e9 composta, no primeiro piso, por tr\u00eas quartos, sala, cozinha e casa de banho. No r\u00e9s-do-ch\u00e3o encontra v\u00e1rias divis\u00f5es para arrumos, p\u00e1tio interior e anexo em pedra, [&hellip;]\" \/>\n<meta property=\"og:url\" content=\"https:\/\/esferareal.com\/en\/imovel\/moradia-da-aldeia-221\/\" \/>\n<meta property=\"og:site_name\" content=\"Esfera Real\" \/>\n<meta property=\"article:publisher\" content=\"https:\/\/www.facebook.com\/people\/Esfera-Real\/100057693960084\/\" \/>\n<meta property=\"article:modified_time\" content=\"2025-08-30T11:17:27+00:00\" \/>\n<meta property=\"og:image\" content=\"https:\/\/esferareal.com\/wp-content\/uploads\/2025\/08\/1-221-NEW-Medium.jpg\" \/>\n\t<meta property=\"og:image:width\" content=\"1024\" \/>\n\t<meta property=\"og:image:height\" content=\"768\" \/>\n\t<meta property=\"og:image:type\" content=\"image\/jpeg\" \/>\n<meta name=\"twitter:card\" content=\"summary_large_image\" \/>\n<meta name=\"twitter:label1\" content=\"Estimated reading time\" \/>\n\t<meta name=\"twitter:data1\" content=\"1 minute\" \/>\n<script type=\"application\/ld+json\" class=\"yoast-schema-graph\">{\"@context\":\"https:\/\/schema.org\",\"@graph\":[{\"@type\":\"WebPage\",\"@id\":\"https:\/\/esferareal.com\/imovel\/moradia-da-aldeia-221\/\",\"url\":\"https:\/\/esferareal.com\/imovel\/moradia-da-aldeia-221\/\",\"name\":\"Moradia da Aldeia - 221 - Esfera Real\",\"isPartOf\":{\"@id\":\"https:\/\/esferareal.com\/#website\"},\"primaryImageOfPage\":{\"@id\":\"https:\/\/esferareal.com\/imovel\/moradia-da-aldeia-221\/#primaryimage\"},\"image\":{\"@id\":\"https:\/\/esferareal.com\/imovel\/moradia-da-aldeia-221\/#primaryimage\"},\"thumbnailUrl\":\"https:\/\/esferareal.com\/wp-content\/uploads\/2025\/08\/1-221-NEW-Medium.jpg\",\"datePublished\":\"2025-08-30T11:16:46+00:00\",\"dateModified\":\"2025-08-30T11:17:27+00:00\",\"breadcrumb\":{\"@id\":\"https:\/\/esferareal.com\/imovel\/moradia-da-aldeia-221\/#breadcrumb\"},\"inLanguage\":\"en-GB\",\"potentialAction\":[{\"@type\":\"ReadAction\",\"target\":[\"https:\/\/esferareal.com\/imovel\/moradia-da-aldeia-221\/\"]}]},{\"@type\":\"ImageObject\",\"inLanguage\":\"en-GB\",\"@id\":\"https:\/\/esferareal.com\/imovel\/moradia-da-aldeia-221\/#primaryimage\",\"url\":\"https:\/\/esferareal.com\/wp-content\/uploads\/2025\/08\/1-221-NEW-Medium.jpg\",\"contentUrl\":\"https:\/\/esferareal.com\/wp-content\/uploads\/2025\/08\/1-221-NEW-Medium.jpg\",\"width\":1024,\"height\":768},{\"@type\":\"BreadcrumbList\",\"@id\":\"https:\/\/esferareal.com\/imovel\/moradia-da-aldeia-221\/#breadcrumb\",\"itemListElement\":[{\"@type\":\"ListItem\",\"position\":1,\"name\":\"In\u00edcio\",\"item\":\"https:\/\/esferareal.com\/en\/\"},{\"@type\":\"ListItem\",\"position\":2,\"name\":\"Moradia da Aldeia &#8211; 221\"}]},{\"@type\":\"WebSite\",\"@id\":\"https:\/\/esferareal.com\/#website\",\"url\":\"https:\/\/esferareal.com\/\",\"name\":\"Esfera Real\",\"description\":\"Media\u00e7\u00e3o Imobili\u00e1ria\",\"publisher\":{\"@id\":\"https:\/\/esferareal.com\/#organization\"},\"potentialAction\":[{\"@type\":\"SearchAction\",\"target\":{\"@type\":\"EntryPoint\",\"urlTemplate\":\"https:\/\/esferareal.com\/?s={search_term_string}\"},\"query-input\":{\"@type\":\"PropertyValueSpecification\",\"valueRequired\":true,\"valueName\":\"search_term_string\"}}],\"inLanguage\":\"en-GB\"},{\"@type\":\"Organization\",\"@id\":\"https:\/\/esferareal.com\/#organization\",\"name\":\"Esfera Real Media\u00e7\u00e3o Imobili\u00e1ria\",\"url\":\"https:\/\/esferareal.com\/\",\"logo\":{\"@type\":\"ImageObject\",\"inLanguage\":\"en-GB\",\"@id\":\"https:\/\/esferareal.com\/#\/schema\/logo\/image\/\",\"url\":\"https:\/\/esferareal.com\/wp-content\/uploads\/2024\/10\/logo-esferareal300.png\",\"contentUrl\":\"https:\/\/esferareal.com\/wp-content\/uploads\/2024\/10\/logo-esferareal300.png\",\"width\":300,\"height\":221,\"caption\":\"Esfera Real Media\u00e7\u00e3o Imobili\u00e1ria\"},\"image\":{\"@id\":\"https:\/\/esferareal.com\/#\/schema\/logo\/image\/\"},\"sameAs\":[\"https:\/\/www.facebook.com\/people\/Esfera-Real\/100057693960084\/\",\"https:\/\/www.instagram.com\/esferareal\/\",\"https:\/\/www.youtube.com\/channel\/UCYb-CPOTpF03PSyHBSoCfbA\"]}]}<\/script>\n<!-- \/ Yoast SEO plugin. -->","yoast_head_json":{"title":"Moradia da Aldeia - 221 - Esfera Real","robots":{"index":"index","follow":"follow","max-snippet":"max-snippet:-1","max-image-preview":"max-image-preview:large","max-video-preview":"max-video-preview:-1"},"canonical":"https:\/\/esferareal.com\/en\/imovel\/moradia-da-aldeia-221\/","og_locale":"en_GB","og_type":"article","og_title":"Moradia da Aldeia - 221 - Esfera Real","og_description":"Moradia com terreno situada no centro de uma aldeia tranquila do centro de Portugal, a apenas 10 km de Figueir\u00f3 dos Vinhos e Castanheira de P\u00eara. &nbsp;A casa \u00e9 composta, no primeiro piso, por tr\u00eas quartos, sala, cozinha e casa de banho. No r\u00e9s-do-ch\u00e3o encontra v\u00e1rias divis\u00f5es para arrumos, p\u00e1tio interior e anexo em pedra, [&hellip;]","og_url":"https:\/\/esferareal.com\/en\/imovel\/moradia-da-aldeia-221\/","og_site_name":"Esfera Real","article_publisher":"https:\/\/www.facebook.com\/people\/Esfera-Real\/100057693960084\/","article_modified_time":"2025-08-30T11:17:27+00:00","og_image":[{"width":1024,"height":768,"url":"https:\/\/esferareal.com\/wp-content\/uploads\/2025\/08\/1-221-NEW-Medium.jpg","type":"image\/jpeg"}],"twitter_card":"summary_large_image","twitter_misc":{"Estimated reading time":"1 minute"},"schema":{"@context":"https:\/\/schema.org","@graph":[{"@type":"WebPage","@id":"https:\/\/esferareal.com\/imovel\/moradia-da-aldeia-221\/","url":"https:\/\/esferareal.com\/imovel\/moradia-da-aldeia-221\/","name":"Moradia da Aldeia - 221 - Esfera Real","isPartOf":{"@id":"https:\/\/esferareal.com\/#website"},"primaryImageOfPage":{"@id":"https:\/\/esferareal.com\/imovel\/moradia-da-aldeia-221\/#primaryimage"},"image":{"@id":"https:\/\/esferareal.com\/imovel\/moradia-da-aldeia-221\/#primaryimage"},"thumbnailUrl":"https:\/\/esferareal.com\/wp-content\/uploads\/2025\/08\/1-221-NEW-Medium.jpg","datePublished":"2025-08-30T11:16:46+00:00","dateModified":"2025-08-30T11:17:27+00:00","breadcrumb":{"@id":"https:\/\/esferareal.com\/imovel\/moradia-da-aldeia-221\/#breadcrumb"},"inLanguage":"en-GB","potentialAction":[{"@type":"ReadAction","target":["https:\/\/esferareal.com\/imovel\/moradia-da-aldeia-221\/"]}]},{"@type":"ImageObject","inLanguage":"en-GB","@id":"https:\/\/esferareal.com\/imovel\/moradia-da-aldeia-221\/#primaryimage","url":"https:\/\/esferareal.com\/wp-content\/uploads\/2025\/08\/1-221-NEW-Medium.jpg","contentUrl":"https:\/\/esferareal.com\/wp-content\/uploads\/2025\/08\/1-221-NEW-Medium.jpg","width":1024,"height":768},{"@type":"BreadcrumbList","@id":"https:\/\/esferareal.com\/imovel\/moradia-da-aldeia-221\/#breadcrumb","itemListElement":[{"@type":"ListItem","position":1,"name":"In\u00edcio","item":"https:\/\/esferareal.com\/en\/"},{"@type":"ListItem","position":2,"name":"Moradia da Aldeia &#8211; 221"}]},{"@type":"WebSite","@id":"https:\/\/esferareal.com\/#website","url":"https:\/\/esferareal.com\/","name":"Esfera Real","description":"Media\u00e7\u00e3o Imobili\u00e1ria","publisher":{"@id":"https:\/\/esferareal.com\/#organization"},"potentialAction":[{"@type":"SearchAction","target":{"@type":"EntryPoint","urlTemplate":"https:\/\/esferareal.com\/?s={search_term_string}"},"query-input":{"@type":"PropertyValueSpecification","valueRequired":true,"valueName":"search_term_string"}}],"inLanguage":"en-GB"},{"@type":"Organization","@id":"https:\/\/esferareal.com\/#organization","name":"Esfera Real Media\u00e7\u00e3o Imobili\u00e1ria","url":"https:\/\/esferareal.com\/","logo":{"@type":"ImageObject","inLanguage":"en-GB","@id":"https:\/\/esferareal.com\/#\/schema\/logo\/image\/","url":"https:\/\/esferareal.com\/wp-content\/uploads\/2024\/10\/logo-esferareal300.png","contentUrl":"https:\/\/esferareal.com\/wp-content\/uploads\/2024\/10\/logo-esferareal300.png","width":300,"height":221,"caption":"Esfera Real Media\u00e7\u00e3o Imobili\u00e1ria"},"image":{"@id":"https:\/\/esferareal.com\/#\/schema\/logo\/image\/"},"sameAs":["https:\/\/www.facebook.com\/people\/Esfera-Real\/100057693960084\/","https:\/\/www.instagram.com\/esferareal\/","https:\/\/www.youtube.com\/channel\/UCYb-CPOTpF03PSyHBSoCfbA"]}]}},"_links":{"self":[{"href":"https:\/\/esferareal.com\/en\/wp-json\/wp\/v2\/imovel\/9202","targetHints":{"allow":["GET"]}}],"collection":[{"href":"https:\/\/esferareal.com\/en\/wp-json\/wp\/v2\/imovel"}],"about":[{"href":"https:\/\/esferareal.com\/en\/wp-json\/wp\/v2\/types\/imovel"}],"author":[{"embeddable":true,"href":"https:\/\/esferareal.com\/en\/wp-json\/wp\/v2\/users\/3"}],"version-history":[{"count":2,"href":"https:\/\/esferareal.com\/en\/wp-json\/wp\/v2\/imovel\/9202\/revisions"}],"predecessor-version":[{"id":9204,"href":"https:\/\/esferareal.com\/en\/wp-json\/wp\/v2\/imovel\/9202\/revisions\/9204"}],"wp:featuredmedia":[{"embeddable":true,"href":"https:\/\/esferareal.com\/en\/wp-json\/wp\/v2\/media\/9113"}],"wp:attachment":[{"href":"https:\/\/esferareal.com\/en\/wp-json\/wp\/v2\/media?parent=9202"}],"wp:term":[{"taxonomy":"tipo","embeddable":true,"href":"https:\/\/esferareal.com\/en\/wp-json\/wp\/v2\/tipo?post=9202"}],"curies":[{"name":"wp","href":"https:\/\/api.w.org\/{rel}","templated":true}]}}